{"id":3015,"date":"2022-04-04T15:56:58","date_gmt":"2022-04-04T13:56:58","guid":{"rendered":"https:\/\/sklep.alablaboratoria.pl\/centrum-wiedzy\/?page_id=3015"},"modified":"2026-02-03T11:50:46","modified_gmt":"2026-02-03T10:50:46","slug":"nasi-eksperci","status":"publish","type":"page","link":"https:\/\/www.alab.pl\/centrum-wiedzy\/nasi-eksperci\/","title":{"rendered":"Nasi Eksperci"},"content":{"rendered":"<div>\n<div>\t\t\t<style>.authors-list-cols-dir-horizontal .authors-list-col{display:block;float:left;margin-right:3.42%}.authors-list-cols-dir-horizontal .authors-list-col-1{width:5.198%}.authors-list-cols-dir-horizontal .authors-list-col-2{width:13.81%}.authors-list-cols-dir-horizontal .authors-list-col-3{width:22.43%}.authors-list-cols-dir-horizontal .authors-list-col-4{width:31.05%}.authors-list-cols-dir-horizontal .authors-list-col-5{width:39.67%}.authors-list-cols-dir-horizontal .authors-list-col-6{width:48.29%}.authors-list-cols-dir-horizontal .authors-list-col-7{width:56.9%}.authors-list-cols-dir-horizontal .authors-list-col-8{width:65.52%}.authors-list-cols-dir-horizontal .authors-list-col-9{width:74.14%}.authors-list-cols-dir-horizontal .authors-list-col-10{width:82.76%}.authors-list-cols-dir-horizontal .authors-list-col-11{width:91.38%}.authors-list-cols-dir-horizontal .authors-list-col-12{width:100%}.authors-list-cols-dir-horizontal .authors-list-col-last{margin-right:0}.authors-list-cols-dir-horizontal .authors-list-col-first{clear:both}.authors-list-cols-dir-horizontal.authors-list-cols-2 .authors-list-col:nth-child(2n){margin-right:0}.authors-list-cols-dir-horizontal.authors-list-cols-2 .authors-list-col:nth-child(2n+1){clear:both}.authors-list-cols-dir-horizontal.authors-list-cols-3 .authors-list-col:nth-child(3n){margin-right:0}.authors-list-cols-dir-horizontal.authors-list-cols-3 .authors-list-col:nth-child(3n+1){clear:both}.authors-list-cols-dir-horizontal.authors-list-cols-4 .authors-list-col:nth-child(4n){margin-right:0}.authors-list-cols-dir-horizontal.authors-list-cols-4 .authors-list-col:nth-child(4n+1){clear:both}.authors-list-cols-dir-vertical{column-gap:3.42%}.authors-list-cols-dir-vertical.authors-list-cols-2{column-count:2}.authors-list-cols-dir-vertical.authors-list-cols-3{column-count:3}.authors-list-cols-dir-vertical.authors-list-cols-3{column-count:3}.authors-list-cols-dir-vertical.authors-list-cols-4{column-count:4}.authors-list-clearfix:after,.authors-list-clearfix:before{content:\" \";display:table}.authors-list-clearfix:after{clear:both}.authors-list-item{margin-bottom:30px;position:relative}.authors-list-cols-dir-vertical .authors-list-item{break-inside:avoid-column;page-break-inside:avoid}.authors-list-item-thumbnail{margin-bottom:20px;position:relative}.authors-list-item-thumbnail a,.authors-list-item-thumbnail img{display:block;position:relative;border:0}.authors-list-item-thumbnail img{max-width:100%;height:auto;border-radius:inherit;}.authors-list-item-title{font-size:22px;font-weight:700;margin-bottom:5px}.authors-list-item-title a{color:inherit}.authors-list-item-subtitle{margin-bottom:5px;font-size:80%}.authors-list-item-social{margin-bottom:10px}.authors-list-item-social a{font-size:15px;margin-right:5px;text-decoration:none}.authors-list-item-social svg{width:15px}.authors-list-item-social-facebook{fill:#3b5998}.authors-list-item-social-instagram{fill:#405de6}.authors-list-item-social-linkedin{fill:#0077b5}.authors-list-item-social-pinterest{fill:#bd081c}.authors-list-item-social-tumblr{fill:#35465c}.authors-list-item-social-twitter{fill:#1da1f2}.authors-list-item-social-youtube{fill:red}.authors-list-item-social-tiktok{fill:#1e3050}.authors-list-item-excerpt{margin-bottom:10px}.authors-list-items-s2 .authors-list-item-main{position:absolute;bottom:0;left:0;right:0;padding:30px;color:#fff;background:rgba(0,0,0,.3)}.authors-list-items-s2 .authors-list-item-thumbnail{margin-bottom:0}.authors-list-items-s2 .authors-list-item-title{color:inherit}.authors-list-items-s2 .authors-list-item-link{color:inherit}.authors-list-items-s3 .authors-list-item-thumbnail{margin-bottom:0}.authors-list-items-s3 .authors-list-item-main{position:absolute;bottom:0;left:0;right:0;top:0;padding:30px;opacity:0;transform:scale(0);transition:all .3s;background:#fff;border:2px solid #eee}.authors-list-items-s3 .authors-list-item:hover .authors-list-item-main{opacity:1;transform:scale(1)}.authors-list-items-s4 .authors-list-item-thumbnail{float:left;margin-right:20px;width:25%}.authors-list-item-s4 .authors-list-item-main{overflow:hidden}.author-list-item-after-avatar,.author-list-item-after-bio,.author-list-item-after-count,.author-list-item-after-link,.author-list-item-after-title,.author-list-item-before-avatar,.author-list-item-before-bio,.author-list-item-before-count,.author-list-item-before-link,.author-list-item-before-title{margin-bottom:5px}@media only screen and (max-width:767px){.authors-list-cols-dir-horizontal .authors-list-col{width:100%;margin-right:0!important}.authors-list-cols-dir-vertical{column-count:1!important}}.authors-list-pagination{text-align:center}.authors-list-pagination li{display:inline-block;margin:0 2px}.authors-list-pagination li a,.authors-list-pagination li>span{display:inline-block;border:1px solid rgba(0,0,0,.2);padding:10px;line-height:1}<\/style>\n\t\t\t\t\t\t<div class=\"authors-list-items authors-list-items-s1 authors-list-clearfix authors-list-cols-1 authors-list-cols-dir-horizontal \">\n\t\t\t\n\t\t<div class=\"authors-list-item authors-list-item-clearfix authors-list-col \">\n\n\t\t\t\t\t\t\t<div class=\"authors-list-item-thumbnail\">\n\t\t\t\t\t\n\t\t\t\t\t<a href=\"https:\/\/www.alab.pl\/centrum-wiedzy\/author\/agata\/\" class=\"author-list-item-avatar\">\n\t\t\t\t\t\t\t\t\t\t\t\t\t<img loading=\"lazy\" decoding=\"async\" src=\"https:\/\/www.alab.pl\/centrum-wiedzy\/wp-content\/uploads\/2022\/04\/Agata-Strukow-696x696.jpg\" width=\"500\" height=\"500\" srcset=\"https:\/\/www.alab.pl\/centrum-wiedzy\/wp-content\/uploads\/2022\/04\/Agata-Strukow-1068x1069.jpg 2x\" alt=\"Agata Strukow\" class=\"avatar avatar-500 wp-user-avatar wp-user-avatar-500 alignnone photo\" \/>\t\t\t\t\t\t\t\t\t\t\t<\/a>\n\n\t\t\t\t\t\t\t\t\t<\/div><!-- .team-item-thumbnail -->\n\t\t\t\n\t\t\t<div class=\"authors-list-item-main\">\n\n\t\t\t\t\n\t\t\t\t\t\t\t\t\t<div class=\"authors-list-item-title\">\n\t\t\t\t\t\t<a href=\"https:\/\/www.alab.pl\/centrum-wiedzy\/author\/agata\/\">Agata Strukow<\/a>\n\t\t\t\t\t<\/div>\n\t\t\t\t\n\t\t\t\t\n\t\t\t\t\n\t\t\t\t\n\t\t\t\t\n\t\t\t\t\n\t\t\t\t\t\t\t\t\t<div class=\"authors-list-item-excerpt\">\n\t\t\t\t\t\tAbsolwentka Wydzia\u0142u Lekarskiego Pomorskiej Akademii Medycznej oraz studi\u00f3w podyplomowych Dietetyka w chorobach wewn\u0119trznych i metabolicznych Warszawskiego Uniwersytetu Medycznego i Psychologii biznesu dla mened\u017cer\u00f3w na Akademii Leona Ko\u017ami\u0144skiego. Nauczycielka jogi kundalini i jogi hormonalnej.\t\t\t\t\t<\/div>\n\t\t\t\t\n\t\t\t\t\n\t\t\t\t\n\t\t\t\t\n\t\t\t\t\n\t\t\t<\/div><!-- .team-item-main -->\n\n\t\t<\/div><!-- .authors-list-item -->\n\n\t\t\n\t\t<div class=\"authors-list-item authors-list-item-clearfix authors-list-col \">\n\n\t\t\t\t\t\t\t<div class=\"authors-list-item-thumbnail\">\n\t\t\t\t\t\n\t\t\t\t\t<a href=\"https:\/\/www.alab.pl\/centrum-wiedzy\/author\/angelika-janowicz\/\" class=\"author-list-item-avatar\">\n\t\t\t\t\t\t\t\t\t\t\t\t\t<img loading=\"lazy\" decoding=\"async\" src=\"https:\/\/www.alab.pl\/centrum-wiedzy\/wp-content\/uploads\/2024\/05\/Janowicz-Angelika-696x695.png\" width=\"500\" height=\"500\" srcset=\"https:\/\/www.alab.pl\/centrum-wiedzy\/wp-content\/uploads\/2024\/05\/Janowicz-Angelika.png 2x\" alt=\"Angelika Janowicz\" class=\"avatar avatar-500 wp-user-avatar wp-user-avatar-500 alignnone photo\" \/>\t\t\t\t\t\t\t\t\t\t\t<\/a>\n\n\t\t\t\t\t\t\t\t\t<\/div><!-- .team-item-thumbnail -->\n\t\t\t\n\t\t\t<div class=\"authors-list-item-main\">\n\n\t\t\t\t\n\t\t\t\t\t\t\t\t\t<div class=\"authors-list-item-title\">\n\t\t\t\t\t\t<a href=\"https:\/\/www.alab.pl\/centrum-wiedzy\/author\/angelika-janowicz\/\">Angelika Janowicz<\/a>\n\t\t\t\t\t<\/div>\n\t\t\t\t\n\t\t\t\t\n\t\t\t\t\n\t\t\t\t\n\t\t\t\t\n\t\t\t\t\n\t\t\t\t\t\t\t\t\t<div class=\"authors-list-item-excerpt\">\n\t\t\t\t\t\tZ wykszta\u0142cenia piel\u0119gniarka, absolwentka Uniwersytetu Medycznego im. Piast\u00f3w \u015al\u0105skich we Wroc\u0142awiu. Do\u015bwiadczenie zawodowe zdobywa\u0142a w gabinecie zabiegowym, a tak\u017ce w poradni laryngologicznej, pediatrycznej i kardiologicznej. Interesuje si\u0119 psychodietetyk\u0105 i \u017cywieniem cz\u0142owieka w chorobach metabolicznych \u2013 w szczeg\u00f3lno\u015bci zastosowaniem diet niskow\u0119glowodanowych w insulinooporno\u015bci.\t\t\t\t\t<\/div>\n\t\t\t\t\n\t\t\t\t\n\t\t\t\t\n\t\t\t\t\n\t\t\t\t\n\t\t\t<\/div><!-- .team-item-main -->\n\n\t\t<\/div><!-- .authors-list-item -->\n\n\t\t\n\t\t<div class=\"authors-list-item authors-list-item-clearfix authors-list-col \">\n\n\t\t\t\t\t\t\t<div class=\"authors-list-item-thumbnail\">\n\t\t\t\t\t\n\t\t\t\t\t<a href=\"https:\/\/www.alab.pl\/centrum-wiedzy\/author\/katarzyna-banaszczyk\/\" class=\"author-list-item-avatar\">\n\t\t\t\t\t\t\t\t\t\t\t\t\t<img loading=\"lazy\" decoding=\"async\" src=\"https:\/\/www.alab.pl\/centrum-wiedzy\/wp-content\/uploads\/2024\/12\/Katarzyna-Banaszczyk-696x698.jpg\" width=\"500\" height=\"500\" srcset=\"https:\/\/www.alab.pl\/centrum-wiedzy\/wp-content\/uploads\/2024\/12\/Katarzyna-Banaszczyk.jpg 2x\" alt=\"Katarzyna Banaszczyk\" class=\"avatar avatar-500 wp-user-avatar wp-user-avatar-500 alignnone photo\" \/>\t\t\t\t\t\t\t\t\t\t\t<\/a>\n\n\t\t\t\t\t\t\t\t\t<\/div><!-- .team-item-thumbnail -->\n\t\t\t\n\t\t\t<div class=\"authors-list-item-main\">\n\n\t\t\t\t\n\t\t\t\t\t\t\t\t\t<div class=\"authors-list-item-title\">\n\t\t\t\t\t\t<a href=\"https:\/\/www.alab.pl\/centrum-wiedzy\/author\/katarzyna-banaszczyk\/\">Katarzyna Banaszczyk<\/a>\n\t\t\t\t\t<\/div>\n\t\t\t\t\n\t\t\t\t\n\t\t\t\t\n\t\t\t\t\n\t\t\t\t\n\t\t\t\t\n\t\t\t\t\t\t\t\t\t<div class=\"authors-list-item-excerpt\">\n\t\t\t\t\t\tLekarka w trakcie specjalizacji z dermatologii i wenerologii. Absolwentka Collegium Medicum UMK im. Ludwika Rydygiera w Bydgoszczy. Wyk\u0142adowca akademicki Collegium Medicum im. W\u0142adys\u0142awa Biega\u0144skiego w Cz\u0119stochowie.\t\t\t\t\t<\/div>\n\t\t\t\t\n\t\t\t\t\n\t\t\t\t\n\t\t\t\t\n\t\t\t\t\n\t\t\t<\/div><!-- .team-item-main -->\n\n\t\t<\/div><!-- .authors-list-item -->\n\n\t\t\n\t\t<div class=\"authors-list-item authors-list-item-clearfix authors-list-col \">\n\n\t\t\t\t\t\t\t<div class=\"authors-list-item-thumbnail\">\n\t\t\t\t\t\n\t\t\t\t\t<a href=\"https:\/\/www.alab.pl\/centrum-wiedzy\/author\/damian-matusiak\/\" class=\"author-list-item-avatar\">\n\t\t\t\t\t\t\t\t\t\t\t\t\t<img loading=\"lazy\" decoding=\"async\" src=\"https:\/\/www.alab.pl\/centrum-wiedzy\/wp-content\/uploads\/2023\/10\/Damian-Matusiak-jpg-696x696.webp\" width=\"500\" height=\"500\" srcset=\"https:\/\/www.alab.pl\/centrum-wiedzy\/wp-content\/uploads\/2023\/10\/Damian-Matusiak-jpg.webp 2x\" alt=\"Damian Matusiak\" class=\"avatar avatar-500 wp-user-avatar wp-user-avatar-500 alignnone photo\" \/>\t\t\t\t\t\t\t\t\t\t\t<\/a>\n\n\t\t\t\t\t\t\t\t\t<\/div><!-- .team-item-thumbnail -->\n\t\t\t\n\t\t\t<div class=\"authors-list-item-main\">\n\n\t\t\t\t\n\t\t\t\t\t\t\t\t\t<div class=\"authors-list-item-title\">\n\t\t\t\t\t\t<a href=\"https:\/\/www.alab.pl\/centrum-wiedzy\/author\/damian-matusiak\/\">Damian Matusiak<\/a>\n\t\t\t\t\t<\/div>\n\t\t\t\t\n\t\t\t\t\n\t\t\t\t\n\t\t\t\t\n\t\t\t\t\n\t\t\t\t\n\t\t\t\t\t\t\t\t\t<div class=\"authors-list-item-excerpt\">\n\t\t\t\t\t\tSpecjalista pediatrii, kieruj\u0105cy Oddzia\u0142em Pediatrycznym w Lesznie, absolwent Uniwersytetu Medycznego im. Karola Marcinkowskiego w Poznaniu; pasjonat ultrasonografii i nowinek ze \u015bwiata nauki.\t\t\t\t\t<\/div>\n\t\t\t\t\n\t\t\t\t\n\t\t\t\t\n\t\t\t\t\n\t\t\t\t\n\t\t\t<\/div><!-- .team-item-main -->\n\n\t\t<\/div><!-- .authors-list-item -->\n\n\t\t\n\t\t<div class=\"authors-list-item authors-list-item-clearfix authors-list-col \">\n\n\t\t\t\t\t\t\t<div class=\"authors-list-item-thumbnail\">\n\t\t\t\t\t\n\t\t\t\t\t<a href=\"https:\/\/www.alab.pl\/centrum-wiedzy\/author\/magdalena-konowrocka\/\" class=\"author-list-item-avatar\">\n\t\t\t\t\t\t\t\t\t\t\t\t\t<img loading=\"lazy\" decoding=\"async\" src=\"https:\/\/www.alab.pl\/centrum-wiedzy\/wp-content\/uploads\/2023\/07\/Magdalena-Konowrocka-jpg.webp\" width=\"400\" height=\"400\" srcset=\"https:\/\/www.alab.pl\/centrum-wiedzy\/wp-content\/uploads\/2023\/07\/Magdalena-Konowrocka-jpg.webp 2x\" alt=\"Magdalena Konowrocka\" class=\"avatar avatar-500 wp-user-avatar wp-user-avatar-500 alignnone photo\" \/>\t\t\t\t\t\t\t\t\t\t\t<\/a>\n\n\t\t\t\t\t\t\t\t\t<\/div><!-- .team-item-thumbnail -->\n\t\t\t\n\t\t\t<div class=\"authors-list-item-main\">\n\n\t\t\t\t\n\t\t\t\t\t\t\t\t\t<div class=\"authors-list-item-title\">\n\t\t\t\t\t\t<a href=\"https:\/\/www.alab.pl\/centrum-wiedzy\/author\/magdalena-konowrocka\/\">Magdalena Konowrocka<\/a>\n\t\t\t\t\t<\/div>\n\t\t\t\t\n\t\t\t\t\n\t\t\t\t\n\t\t\t\t\n\t\t\t\t\n\t\t\t\t\n\t\t\t\t\t\t\t\t\t<div class=\"authors-list-item-excerpt\">\n\t\t\t\t\t\tDietetyk i psychodietetyk, absolwentka studi\u00f3w magisterskich na SGGW oraz studi\u00f3w podyplomowych na WUM na kierunku \u201eDietetyka w  choroby wewn\u0119trznych i metabolicznych\u201d, studiowa\u0142a w Instytucie \u017bywienia i \u017bywno\u015bci \u201ePoradnictwo dietetyczne \u2013 post\u0119py w \u017cywieniu cz\u0142owieka\u201d. Prowadzi gabinet doradztwa \u017cywieniowego i dietetycznego <a href=\"https:\/\/optimumzdrowia.pl\/\" target=\"_blank\" rel=\"noopener\">Optimum Zdrowia<\/a>.\t\t\t\t\t<\/div>\n\t\t\t\t\n\t\t\t\t\n\t\t\t\t\n\t\t\t\t\n\t\t\t\t\n\t\t\t<\/div><!-- .team-item-main -->\n\n\t\t<\/div><!-- .authors-list-item -->\n\n\t\t\n\t\t<div class=\"authors-list-item authors-list-item-clearfix authors-list-col \">\n\n\t\t\t\t\t\t\t<div class=\"authors-list-item-thumbnail\">\n\t\t\t\t\t\n\t\t\t\t\t<a href=\"https:\/\/www.alab.pl\/centrum-wiedzy\/author\/sara-aszkielowicz\/\" class=\"author-list-item-avatar\">\n\t\t\t\t\t\t\t\t\t\t\t\t\t<img loading=\"lazy\" decoding=\"async\" src=\"https:\/\/www.alab.pl\/centrum-wiedzy\/wp-content\/uploads\/2024\/12\/Sara-Aszkielowicz.jpg\" width=\"500\" height=\"461\" srcset=\"https:\/\/www.alab.pl\/centrum-wiedzy\/wp-content\/uploads\/2024\/12\/Sara-Aszkielowicz.jpg 2x\" alt=\"Sara Aszkie\u0142owicz\" class=\"avatar avatar-500 wp-user-avatar wp-user-avatar-500 alignnone photo\" \/>\t\t\t\t\t\t\t\t\t\t\t<\/a>\n\n\t\t\t\t\t\t\t\t\t<\/div><!-- .team-item-thumbnail -->\n\t\t\t\n\t\t\t<div class=\"authors-list-item-main\">\n\n\t\t\t\t\n\t\t\t\t\t\t\t\t\t<div class=\"authors-list-item-title\">\n\t\t\t\t\t\t<a href=\"https:\/\/www.alab.pl\/centrum-wiedzy\/author\/sara-aszkielowicz\/\">Sara Aszkie\u0142owicz<\/a>\n\t\t\t\t\t<\/div>\n\t\t\t\t\n\t\t\t\t\n\t\t\t\t\n\t\t\t\t\n\t\t\t\t\n\t\t\t\t\n\t\t\t\t\t\t\t\t\t<div class=\"authors-list-item-excerpt\">\n\t\t\t\t\t\tAbsolwentka Wydzia\u0142u Lekarskiego Uniwersytetu Medycznego w \u0141odzi, obecnie odbywaj\u0105ca szkolenie specjalizacyjne w Klinice Endokrynologii i Chor\u00f3b Metabolicznych Instytutu Centrum Zdrowia Matki Polki w \u0141odzi. Jej zainteresowania naukowe koncentruj\u0105 si\u0119 na zaburzeniach wzrastania, przedwczesnym i op\u00f3\u017aniaj\u0105cym si\u0119 dojrzewaniu p\u0142ciowym, chorobach nadnerczy oraz zaburzeniach mineralizacji ko\u015bci i gospodarki wapniowo-fosforanowej u dzieci.\t\t\t\t\t<\/div>\n\t\t\t\t\n\t\t\t\t\n\t\t\t\t\n\t\t\t\t\n\t\t\t\t\n\t\t\t<\/div><!-- .team-item-main -->\n\n\t\t<\/div><!-- .authors-list-item -->\n\n\t\t\n\t\t<div class=\"authors-list-item authors-list-item-clearfix authors-list-col \">\n\n\t\t\t\t\t\t\t<div class=\"authors-list-item-thumbnail\">\n\t\t\t\t\t\n\t\t\t\t\t<a href=\"https:\/\/www.alab.pl\/centrum-wiedzy\/author\/elwira\/\" class=\"author-list-item-avatar\">\n\t\t\t\t\t\t\t\t\t\t\t\t\t<img loading=\"lazy\" decoding=\"async\" src=\"https:\/\/www.alab.pl\/centrum-wiedzy\/wp-content\/uploads\/2022\/03\/Elwira-Zawidzka-scaled-1.jpg\" width=\"500\" height=\"496\" srcset=\"https:\/\/www.alab.pl\/centrum-wiedzy\/wp-content\/uploads\/2022\/03\/Elwira-Zawidzka-scaled-1.jpg 2x\" alt=\"Elwira Zawidzka\" class=\"avatar avatar-500 wp-user-avatar wp-user-avatar-500 alignnone photo\" \/>\t\t\t\t\t\t\t\t\t\t\t<\/a>\n\n\t\t\t\t\t\t\t\t\t<\/div><!-- .team-item-thumbnail -->\n\t\t\t\n\t\t\t<div class=\"authors-list-item-main\">\n\n\t\t\t\t\n\t\t\t\t\t\t\t\t\t<div class=\"authors-list-item-title\">\n\t\t\t\t\t\t<a href=\"https:\/\/www.alab.pl\/centrum-wiedzy\/author\/elwira\/\">Elwira Zawidzka<\/a>\n\t\t\t\t\t<\/div>\n\t\t\t\t\n\t\t\t\t\n\t\t\t\t\n\t\t\t\t\n\t\t\t\t\n\t\t\t\t\n\t\t\t\t\t\t\t\t\t<div class=\"authors-list-item-excerpt\">\n\t\t\t\t\t\tSpecjalista mikrobiologii medycznej, diagnosta laboratoryjny, cz\u0142onek Zespo\u0142u ds. Kontroli Zaka\u017ce\u0144 Szpitalnych.\r\nAbsolwentka Uniwersytetu Warszawskiego, Warszawskiego Uniwersytetu Medycznego i Akademii Leona Ko\u017ami\u0144skiego.\t\t\t\t\t<\/div>\n\t\t\t\t\n\t\t\t\t\n\t\t\t\t\n\t\t\t\t\n\t\t\t\t\n\t\t\t<\/div><!-- .team-item-main -->\n\n\t\t<\/div><!-- .authors-list-item -->\n\n\t\t\n\t\t<div class=\"authors-list-item authors-list-item-clearfix authors-list-col \">\n\n\t\t\t\t\t\t\t<div class=\"authors-list-item-thumbnail\">\n\t\t\t\t\t\n\t\t\t\t\t<a href=\"https:\/\/www.alab.pl\/centrum-wiedzy\/author\/katarzyna-cieplucha\/\" class=\"author-list-item-avatar\">\n\t\t\t\t\t\t\t\t\t\t\t\t\t<img loading=\"lazy\" decoding=\"async\" src=\"https:\/\/www.alab.pl\/centrum-wiedzy\/wp-content\/uploads\/2024\/12\/Katarzyna-Cieplucha-696x696.jpg\" width=\"500\" height=\"500\" srcset=\"https:\/\/www.alab.pl\/centrum-wiedzy\/wp-content\/uploads\/2024\/12\/Katarzyna-Cieplucha.jpg 2x\" alt=\"Katarzyna Ciep\u0142ucha\" class=\"avatar avatar-500 wp-user-avatar wp-user-avatar-500 alignnone photo\" \/>\t\t\t\t\t\t\t\t\t\t\t<\/a>\n\n\t\t\t\t\t\t\t\t\t<\/div><!-- .team-item-thumbnail -->\n\t\t\t\n\t\t\t<div class=\"authors-list-item-main\">\n\n\t\t\t\t\n\t\t\t\t\t\t\t\t\t<div class=\"authors-list-item-title\">\n\t\t\t\t\t\t<a href=\"https:\/\/www.alab.pl\/centrum-wiedzy\/author\/katarzyna-cieplucha\/\">Katarzyna Ciep\u0142ucha<\/a>\n\t\t\t\t\t<\/div>\n\t\t\t\t\n\t\t\t\t\n\t\t\t\t\n\t\t\t\t\n\t\t\t\t\n\t\t\t\t\n\t\t\t\t\t\t\t\t\t<div class=\"authors-list-item-excerpt\">\n\t\t\t\t\t\tLekarka Oddzia\u0142u Chor\u00f3b Wewn\u0119trznych w Szpitalu Specjalistycznym im. Ludwika Rydygiera w Krakowie, absolwentka Uniwersytetu Medycznego w \u0141odzi. Pasjonatka hematologii, w szczeg\u00f3lno\u015bci chor\u00f3b uk\u0142adu krzepni\u0119cia. Do\u015bwiadczenie zdobywa\u0142a podczas zagranicznych sta\u017cy, m.in. na Oddziale Hematologii Szpitala Uniwersyteckiego w Genewie (Szwajcaria).\t\t\t\t\t<\/div>\n\t\t\t\t\n\t\t\t\t\n\t\t\t\t\n\t\t\t\t\n\t\t\t\t\n\t\t\t<\/div><!-- .team-item-main -->\n\n\t\t<\/div><!-- .authors-list-item -->\n\n\t\t\n\t\t<div class=\"authors-list-item authors-list-item-clearfix authors-list-col \">\n\n\t\t\t\t\t\t\t<div class=\"authors-list-item-thumbnail\">\n\t\t\t\t\t\n\t\t\t\t\t<a href=\"https:\/\/www.alab.pl\/centrum-wiedzy\/author\/kacper-staniszewski\/\" class=\"author-list-item-avatar\">\n\t\t\t\t\t\t\t\t\t\t\t\t\t<img loading=\"lazy\" decoding=\"async\" src=\"https:\/\/www.alab.pl\/centrum-wiedzy\/wp-content\/uploads\/2025\/02\/Kacper-Staniszewski-696x696.jpg\" width=\"500\" height=\"500\" srcset=\"https:\/\/www.alab.pl\/centrum-wiedzy\/wp-content\/uploads\/2025\/02\/Kacper-Staniszewski.jpg 2x\" alt=\"Kacper Staniszewski\" class=\"avatar avatar-500 wp-user-avatar wp-user-avatar-500 alignnone photo\" \/>\t\t\t\t\t\t\t\t\t\t\t<\/a>\n\n\t\t\t\t\t\t\t\t\t<\/div><!-- .team-item-thumbnail -->\n\t\t\t\n\t\t\t<div class=\"authors-list-item-main\">\n\n\t\t\t\t\n\t\t\t\t\t\t\t\t\t<div class=\"authors-list-item-title\">\n\t\t\t\t\t\t<a href=\"https:\/\/www.alab.pl\/centrum-wiedzy\/author\/kacper-staniszewski\/\">Kacper Staniszewski<\/a>\n\t\t\t\t\t<\/div>\n\t\t\t\t\n\t\t\t\t\n\t\t\t\t\n\t\t\t\t\n\t\t\t\t\n\t\t\t\t\n\t\t\t\t\t\t\t\t\t<div class=\"authors-list-item-excerpt\">\n\t\t\t\t\t\tLekarz medycyny estetycznej oraz radiolog w trakcie specjalizacji. Absolwent Collegium Medicum w Bydgoszczy, znany z precyzji, wyj\u0105tkowego zmys\u0142u estetycznego i zaanga\u017cowania w swoj\u0105 prac\u0119. Prywatnie mi\u0142o\u015bnik zwierz\u0105t. Stale podnosi swoje kwalifikacje, uczestnicz\u0105c w licznych szkoleniach i konferencjach, by dostarcza\u0107 swoim pacjentom najnowocze\u015bniejsze rozwi\u0105zania.\t\t\t\t\t<\/div>\n\t\t\t\t\n\t\t\t\t\n\t\t\t\t\n\t\t\t\t\n\t\t\t\t\n\t\t\t<\/div><!-- .team-item-main -->\n\n\t\t<\/div><!-- .authors-list-item -->\n\n\t\t\n\t\t<div class=\"authors-list-item authors-list-item-clearfix authors-list-col \">\n\n\t\t\t\t\t\t\t<div class=\"authors-list-item-thumbnail\">\n\t\t\t\t\t\n\t\t\t\t\t<a href=\"https:\/\/www.alab.pl\/centrum-wiedzy\/author\/jagoda-matusiak\/\" class=\"author-list-item-avatar\">\n\t\t\t\t\t\t\t\t\t\t\t\t\t<img loading=\"lazy\" decoding=\"async\" src=\"https:\/\/www.alab.pl\/centrum-wiedzy\/wp-content\/uploads\/2023\/11\/Jagoda-Matusiak-jpg.webp\" width=\"500\" height=\"500\" srcset=\"https:\/\/www.alab.pl\/centrum-wiedzy\/wp-content\/uploads\/2023\/11\/Jagoda-Matusiak-jpg.webp 2x\" alt=\"Jagoda Matusiak\" class=\"avatar avatar-500 wp-user-avatar wp-user-avatar-500 alignnone photo\" \/>\t\t\t\t\t\t\t\t\t\t\t<\/a>\n\n\t\t\t\t\t\t\t\t\t<\/div><!-- .team-item-thumbnail -->\n\t\t\t\n\t\t\t<div class=\"authors-list-item-main\">\n\n\t\t\t\t\n\t\t\t\t\t\t\t\t\t<div class=\"authors-list-item-title\">\n\t\t\t\t\t\t<a href=\"https:\/\/www.alab.pl\/centrum-wiedzy\/author\/jagoda-matusiak\/\">Jagoda Matusiak<\/a>\n\t\t\t\t\t<\/div>\n\t\t\t\t\n\t\t\t\t\n\t\t\t\t\n\t\t\t\t\n\t\t\t\t\n\t\t\t\t\n\t\t\t\t\t\t\t\t\t<div class=\"authors-list-item-excerpt\">\n\t\t\t\t\t\tAbsolwentka Gda\u0144skiego Uniwersytetu Medycznego (dietetyka) i Uniwersytetu im. Adama Mickiewicza w Poznaniu (t\u0142umaczenia). Cz\u0142onek Polskiego Towarzystwa \u017bywienia Pozajelitowego, Dojelitowego i Metabolizmu. Prowadzi prywatny gabinet dietetyczny w Lesznie.\t\t\t\t\t<\/div>\n\t\t\t\t\n\t\t\t\t\n\t\t\t\t\n\t\t\t\t\n\t\t\t\t\n\t\t\t<\/div><!-- .team-item-main -->\n\n\t\t<\/div><!-- .authors-list-item -->\n\n\t\t\n\t\t<div class=\"authors-list-item authors-list-item-clearfix authors-list-col \">\n\n\t\t\t\t\t\t\t<div class=\"authors-list-item-thumbnail\">\n\t\t\t\t\t\n\t\t\t\t\t<a href=\"https:\/\/www.alab.pl\/centrum-wiedzy\/author\/sandra-sluszewska\/\" class=\"author-list-item-avatar\">\n\t\t\t\t\t\t\t\t\t\t\t\t\t<img loading=\"lazy\" decoding=\"async\" src=\"https:\/\/www.alab.pl\/centrum-wiedzy\/wp-content\/uploads\/2025\/02\/Sandra-Sluszewska-696x697.jpg\" width=\"500\" height=\"500\" srcset=\"https:\/\/www.alab.pl\/centrum-wiedzy\/wp-content\/uploads\/2025\/02\/Sandra-Sluszewska.jpg 2x\" alt=\"Sandra S\u0142uszewska\" class=\"avatar avatar-500 wp-user-avatar wp-user-avatar-500 alignnone photo\" \/>\t\t\t\t\t\t\t\t\t\t\t<\/a>\n\n\t\t\t\t\t\t\t\t\t<\/div><!-- .team-item-thumbnail -->\n\t\t\t\n\t\t\t<div class=\"authors-list-item-main\">\n\n\t\t\t\t\n\t\t\t\t\t\t\t\t\t<div class=\"authors-list-item-title\">\n\t\t\t\t\t\t<a href=\"https:\/\/www.alab.pl\/centrum-wiedzy\/author\/sandra-sluszewska\/\">Sandra S\u0142uszewska<\/a>\n\t\t\t\t\t<\/div>\n\t\t\t\t\n\t\t\t\t\n\t\t\t\t\n\t\t\t\t\n\t\t\t\t\n\t\t\t\t\n\t\t\t\t\t\t\t\t\t<div class=\"authors-list-item-excerpt\">\n\t\t\t\t\t\tZ wykszta\u0142cenia biolog, absolwentka biologii na Uniwersytecie Gda\u0144skim. Od lat zwi\u0105zana z bran\u017c\u0105 medyczn\u0105, gdzie \u0142\u0105czy wiedz\u0119 biologiczn\u0105 z praktycznym do\u015bwiadczeniem zawodowym. Autorka licznych tekst\u00f3w zdrowotnych i edukacyjnych dotycz\u0105cych m.in. diagnostyki medycznej, dermatologii, profilaktyki zdrowotnej, \u017cywienia oraz zdrowego stylu \u017cycia. W swoich tekstach opiera si\u0119 na aktualnych danych naukowych, dbaj\u0105c o ich rzetelne, praktyczne i zrozumia\u0142e przedstawienie.\t\t\t\t\t<\/div>\n\t\t\t\t\n\t\t\t\t\n\t\t\t\t\n\t\t\t\t\n\t\t\t\t\n\t\t\t<\/div><!-- .team-item-main -->\n\n\t\t<\/div><!-- .authors-list-item -->\n\n\t\t\n\t\t<div class=\"authors-list-item authors-list-item-clearfix authors-list-col \">\n\n\t\t\t\t\t\t\t<div class=\"authors-list-item-thumbnail\">\n\t\t\t\t\t\n\t\t\t\t\t<a href=\"https:\/\/www.alab.pl\/centrum-wiedzy\/author\/weronika-dobrewa\/\" class=\"author-list-item-avatar\">\n\t\t\t\t\t\t\t\t\t\t\t\t\t<img loading=\"lazy\" decoding=\"async\" src=\"https:\/\/www.alab.pl\/centrum-wiedzy\/wp-content\/uploads\/2024\/05\/Weronika-Dobrewa-jpg.webp\" width=\"244\" height=\"243\" srcset=\"https:\/\/www.alab.pl\/centrum-wiedzy\/wp-content\/uploads\/2024\/05\/Weronika-Dobrewa-jpg.webp 2x\" alt=\"Weronika Dobrewa\" class=\"avatar avatar-500 wp-user-avatar wp-user-avatar-500 alignnone photo\" \/>\t\t\t\t\t\t\t\t\t\t\t<\/a>\n\n\t\t\t\t\t\t\t\t\t<\/div><!-- .team-item-thumbnail -->\n\t\t\t\n\t\t\t<div class=\"authors-list-item-main\">\n\n\t\t\t\t\n\t\t\t\t\t\t\t\t\t<div class=\"authors-list-item-title\">\n\t\t\t\t\t\t<a href=\"https:\/\/www.alab.pl\/centrum-wiedzy\/author\/weronika-dobrewa\/\">Weronika Dobrewa<\/a>\n\t\t\t\t\t<\/div>\n\t\t\t\t\n\t\t\t\t\n\t\t\t\t\n\t\t\t\t\n\t\t\t\t\n\t\t\t\t\n\t\t\t\t\t\t\t\t\t<div class=\"authors-list-item-excerpt\">\n\t\t\t\t\t\tAbsolwentka angloj\u0119zycznych studi\u00f3w Biotechnologii Medycznej na Uniwersytecie Medycznym w \u0141odzi oraz Kosmetologii Estetycznej. Doktorant Mi\u0119dzynarodowej Szko\u0142y Doktorskiej przy Uniwersytecie Medycznym w \u0141odzi z pasj\u0105 do nauki i ponad 6-letnim do\u015bwiadczeniem w realizowaniu projekt\u00f3w B&amp;R. Laureatka Abstract Achievement Award 2023 \u2013 Ameryka\u0144skiego Towarzystwa Hematologii oraz wsp\u00f3\u0142tw\u00f3rca trzech zg\u0142osze\u0144 patentowych. Na co dzie\u0144 zajmuje si\u0119 wykonywaniem bada\u0144 genetycznych za pomoc\u0105 technologii NGS w Klinice Pediatrii, Onkologii i Hematologii oraz realizacj\u0105 projekt\u00f3w naukowych. W wolnym czasie upi\u0119ksza swoich pacjent\u00f3w w zakresie medycyny estetycznej.\t\t\t\t\t<\/div>\n\t\t\t\t\n\t\t\t\t\n\t\t\t\t\n\t\t\t\t\n\t\t\t\t\n\t\t\t<\/div><!-- .team-item-main -->\n\n\t\t<\/div><!-- .authors-list-item -->\n\n\t\t\n\t\t<div class=\"authors-list-item authors-list-item-clearfix authors-list-col \">\n\n\t\t\t\t\t\t\t<div class=\"authors-list-item-thumbnail\">\n\t\t\t\t\t\n\t\t\t\t\t<a href=\"https:\/\/www.alab.pl\/centrum-wiedzy\/author\/katarzyna-koc\/\" class=\"author-list-item-avatar\">\n\t\t\t\t\t\t\t\t\t\t\t\t\t<img loading=\"lazy\" decoding=\"async\" src=\"https:\/\/www.alab.pl\/centrum-wiedzy\/wp-content\/uploads\/2022\/03\/woman-696x696.png\" width=\"500\" height=\"500\" srcset=\"https:\/\/www.alab.pl\/centrum-wiedzy\/wp-content\/uploads\/2022\/03\/woman-1068x1068.png 2x\" alt=\"Katarzyna Koc\" class=\"avatar avatar-500 wp-user-avatar wp-user-avatar-500 alignnone photo\" \/>\t\t\t\t\t\t\t\t\t\t\t<\/a>\n\n\t\t\t\t\t\t\t\t\t<\/div><!-- .team-item-thumbnail -->\n\t\t\t\n\t\t\t<div class=\"authors-list-item-main\">\n\n\t\t\t\t\n\t\t\t\t\t\t\t\t\t<div class=\"authors-list-item-title\">\n\t\t\t\t\t\t<a href=\"https:\/\/www.alab.pl\/centrum-wiedzy\/author\/katarzyna-koc\/\">Katarzyna Koc<\/a>\n\t\t\t\t\t<\/div>\n\t\t\t\t\n\t\t\t\t\n\t\t\t\t\n\t\t\t\t\n\t\t\t\t\n\t\t\t\t\n\t\t\t\t\t\t\t\t\t<div class=\"authors-list-item-excerpt\">\n\t\t\t\t\t\tLekarz, specjalista medycyny rodzinnej z kilkunastoletnim do\u015bwiadczeniem zawodowym w pracy w podstawowej opiece zdrowotnej (POZ). Absolwentka Wydzia\u0142u Lekarskiego z Pododdzia\u0142em Stomatologii i Nauczania w J\u0119zyku Angielskim Uniwersytetu Medycznego w Bia\u0142ymstoku i Wydzia\u0142u Ekonomii i Zarz\u0105dzania Akademii Humanistyczno-Ekonomicznej w \u0141odzi. Certyfikowany lekarz Polskiego Towarzystwa Leczenia Oty\u0142o\u015bci, cz\u0142onek Polskiego Towarzystwa Medycyny Rodzinnej. Wsp\u00f3\u0142autorka medycznych publikacji naukowych z zakresu diabetologii, kardiologii i echokardiografii.\t\t\t\t\t<\/div>\n\t\t\t\t\n\t\t\t\t\n\t\t\t\t\n\t\t\t\t\n\t\t\t\t\n\t\t\t<\/div><!-- .team-item-main -->\n\n\t\t<\/div><!-- .authors-list-item -->\n\n\t\t\n\t\t<div class=\"authors-list-item authors-list-item-clearfix authors-list-col \">\n\n\t\t\t\t\t\t\t<div class=\"authors-list-item-thumbnail\">\n\t\t\t\t\t\n\t\t\t\t\t<a href=\"https:\/\/www.alab.pl\/centrum-wiedzy\/author\/maria-wydra\/\" class=\"author-list-item-avatar\">\n\t\t\t\t\t\t\t\t\t\t\t\t\t<img loading=\"lazy\" decoding=\"async\" src=\"https:\/\/www.alab.pl\/centrum-wiedzy\/wp-content\/uploads\/2025\/08\/Maria-Wydra-696x696.jpg\" width=\"500\" height=\"500\" srcset=\"https:\/\/www.alab.pl\/centrum-wiedzy\/wp-content\/uploads\/2025\/08\/Maria-Wydra.jpg 2x\" alt=\"Maria Wydra\" class=\"avatar avatar-500 wp-user-avatar wp-user-avatar-500 alignnone photo\" \/>\t\t\t\t\t\t\t\t\t\t\t<\/a>\n\n\t\t\t\t\t\t\t\t\t<\/div><!-- .team-item-thumbnail -->\n\t\t\t\n\t\t\t<div class=\"authors-list-item-main\">\n\n\t\t\t\t\n\t\t\t\t\t\t\t\t\t<div class=\"authors-list-item-title\">\n\t\t\t\t\t\t<a href=\"https:\/\/www.alab.pl\/centrum-wiedzy\/author\/maria-wydra\/\">Maria Wydra<\/a>\n\t\t\t\t\t<\/div>\n\t\t\t\t\n\t\t\t\t\n\t\t\t\t\n\t\t\t\t\n\t\t\t\t\n\t\t\t\t\n\t\t\t\t\t\t\t\t\t<div class=\"authors-list-item-excerpt\">\n\t\t\t\t\t\tLekarka Oddzia\u0142u Chor\u00f3b Wewn\u0119trznych w Szpitalu Specjalistycznym im. Ludwika Rydygiera w Krakowie. Absolwentka Wydzia\u0142u Lekarskiego Uniwersytetu Medycznego w \u0141odzi oraz studi\u00f3w podyplomowych Zarz\u0105dzanie biznesem medycznym Szko\u0142y G\u0142\u00f3wnej Handlowej (SGH) w Warszawie. Jej zainteresowania zawodowe koncentruj\u0105 si\u0119 na zdrowiu publicznym w wymiarze lokalnym i mi\u0119dzynarodowym, ze szczeg\u00f3lnym uwzgl\u0119dnieniem profilaktyki, edukacji zdrowotnej i nowoczesnych modeli opieki. Wykszta\u0142cenie teoretyczne i do\u015bwiadczenie kliniczne poszerza\u0142a w ramach program\u00f3w akademickich oraz sta\u017cy zagranicznych m.in. w Anglii (Guy\u2019s Hospital w Londynie), Hiszpanii (Hospital Cl\u00ednico Universitario w Walencji), W\u0142oszech (Fondazione I.R.C.C.S. Policlinico San Matteo w Pavii) oraz Portugalii (Hospital Dr. N\u00e9lio Mendon\u00e7a w Funchal).\t\t\t\t\t<\/div>\n\t\t\t\t\n\t\t\t\t\n\t\t\t\t\n\t\t\t\t\n\t\t\t\t\n\t\t\t<\/div><!-- .team-item-main -->\n\n\t\t<\/div><!-- .authors-list-item -->\n\n\t\t\n\t\t<div class=\"authors-list-item authors-list-item-clearfix authors-list-col \">\n\n\t\t\t\t\t\t\t<div class=\"authors-list-item-thumbnail\">\n\t\t\t\t\t\n\t\t\t\t\t<a href=\"https:\/\/www.alab.pl\/centrum-wiedzy\/author\/izabela-grabowska\/\" class=\"author-list-item-avatar\">\n\t\t\t\t\t\t\t\t\t\t\t\t\t<img loading=\"lazy\" decoding=\"async\" src=\"https:\/\/www.alab.pl\/centrum-wiedzy\/wp-content\/uploads\/2025\/10\/Izabela-Grabowska-1-696x697.jpg\" width=\"500\" height=\"500\" srcset=\"https:\/\/www.alab.pl\/centrum-wiedzy\/wp-content\/uploads\/2025\/10\/Izabela-Grabowska-1.jpg 2x\" alt=\"Izabela Grabowska\" class=\"avatar avatar-500 wp-user-avatar wp-user-avatar-500 alignnone photo\" \/>\t\t\t\t\t\t\t\t\t\t\t<\/a>\n\n\t\t\t\t\t\t\t\t\t<\/div><!-- .team-item-thumbnail -->\n\t\t\t\n\t\t\t<div class=\"authors-list-item-main\">\n\n\t\t\t\t\n\t\t\t\t\t\t\t\t\t<div class=\"authors-list-item-title\">\n\t\t\t\t\t\t<a href=\"https:\/\/www.alab.pl\/centrum-wiedzy\/author\/izabela-grabowska\/\">Izabela Grabowska<\/a>\n\t\t\t\t\t<\/div>\n\t\t\t\t\n\t\t\t\t\n\t\t\t\t\n\t\t\t\t\n\t\t\t\t\n\t\t\t\t\n\t\t\t\t\t\t\t\t\t<div class=\"authors-list-item-excerpt\">\n\t\t\t\t\t\tDietetyk sportowy, psychodietetyk. Absolwentka studi\u00f3w doktoranckich w Zak\u0142adzie Fizjologii Stosowanej w Instytucie Medycyny Do\u015bwiadczalnej Klinicznej PAN w Warszawie. Uko\u0144czy\u0142a Wydzia\u0142 Nauk o \u017bywieniu Cz\u0142owieka i Konsumpcji SGGW w Warszawie. Dietetyk z szerok\u0105 wiedz\u0105 z zakresu \u017cywienia cz\u0142owieka, fizjologii wysi\u0142ku fizycznego (studia podyplomowe na Akademii Wychowania Fizycznego w Warszawie \u2013 \u017bywienie i Wspomaganie Dietetyczne w Sporcie) oraz psychodietetyki (studia podyplomowe w Szkole Wy\u017cszej Psychologii Spo\u0142ecznej w Warszawie \u2013 Psychodietetyka), z do\u015bwiadczeniem w pracy naukowej, a tak\u017ce w poradnictwie dietetycznym. Autorka licznych artyku\u0142\u00f3w naukowych i popularno-naukowych oraz rozdzia\u0142u w ksi\u0105\u017cce \u201eDietetyka Sportowa\u201d wyd. PZWL, jak r\u00f3wnie\u017c redaktorka naukowa MN \u017bywienie w praktyce klinicznej wyd. Medical Tribune.\t\t\t\t\t<\/div>\n\t\t\t\t\n\t\t\t\t\n\t\t\t\t\n\t\t\t\t\n\t\t\t\t\n\t\t\t<\/div><!-- .team-item-main -->\n\n\t\t<\/div><!-- .authors-list-item -->\n\n\t\t\n\t\t<div class=\"authors-list-item authors-list-item-clearfix authors-list-col \">\n\n\t\t\t\t\t\t\t<div class=\"authors-list-item-thumbnail\">\n\t\t\t\t\t\n\t\t\t\t\t<a href=\"https:\/\/www.alab.pl\/centrum-wiedzy\/author\/paulina-gorska\/\" class=\"author-list-item-avatar\">\n\t\t\t\t\t\t\t\t\t\t\t\t\t<img loading=\"lazy\" decoding=\"async\" src=\"https:\/\/www.alab.pl\/centrum-wiedzy\/wp-content\/uploads\/2024\/12\/Paulina-Gorska.jpg\" width=\"433\" height=\"432\" srcset=\"https:\/\/www.alab.pl\/centrum-wiedzy\/wp-content\/uploads\/2024\/12\/Paulina-Gorska.jpg 2x\" alt=\"Paulina G\u00f3rska\" class=\"avatar avatar-500 wp-user-avatar wp-user-avatar-500 alignnone photo\" \/>\t\t\t\t\t\t\t\t\t\t\t<\/a>\n\n\t\t\t\t\t\t\t\t\t<\/div><!-- .team-item-thumbnail -->\n\t\t\t\n\t\t\t<div class=\"authors-list-item-main\">\n\n\t\t\t\t\n\t\t\t\t\t\t\t\t\t<div class=\"authors-list-item-title\">\n\t\t\t\t\t\t<a href=\"https:\/\/www.alab.pl\/centrum-wiedzy\/author\/paulina-gorska\/\">Paulina G\u00f3rska<\/a>\n\t\t\t\t\t<\/div>\n\t\t\t\t\n\t\t\t\t\n\t\t\t\t\n\t\t\t\t\n\t\t\t\t\n\t\t\t\t\n\t\t\t\t\t\t\t\t\t<div class=\"authors-list-item-excerpt\">\n\t\t\t\t\t\tDoktor nauk medycznych i nauk u zdrowiu. Absolwentka Warszawskiego Uniwersytetu Medycznego i Uniwersytetu Medycznego w Poznaniu (dietetyka) oraz Szko\u0142y Doktorskiej Uniwersytetu Medycznego w Poznaniu. Autorka licznych artyku\u0142\u00f3w blogowych oraz publikacji naukowych w czasopismach: Nutrients, Foods, Nutrition &amp; Food Science i Acta Poloniae Pharmaceutica - Drug Research. W\u0142a\u015bcicielka poradni dietetycznej Kobieca Strona Dietetyki, specjalizuj\u0105cej si\u0119 w dietoterapii chor\u00f3b kobiecych (endometriozy, adenomiozy, PCOS), niep\u0142odno\u015bci oraz \u017cywieniu kobiet w ci\u0105\u017cy.\t\t\t\t\t<\/div>\n\t\t\t\t\n\t\t\t\t\n\t\t\t\t\n\t\t\t\t\n\t\t\t\t\n\t\t\t<\/div><!-- .team-item-main -->\n\n\t\t<\/div><!-- .authors-list-item -->\n\n\t\t\n\t\t<div class=\"authors-list-item authors-list-item-clearfix authors-list-col \">\n\n\t\t\t\t\t\t\t<div class=\"authors-list-item-thumbnail\">\n\t\t\t\t\t\n\t\t\t\t\t<a href=\"https:\/\/www.alab.pl\/centrum-wiedzy\/author\/izabella-podsiadly\/\" class=\"author-list-item-avatar\">\n\t\t\t\t\t\t\t\t\t\t\t\t\t<img loading=\"lazy\" decoding=\"async\" src=\"https:\/\/www.alab.pl\/centrum-wiedzy\/wp-content\/uploads\/2023\/11\/Izabella-Podsiadly-jpg-696x696.webp\" width=\"500\" height=\"500\" srcset=\"https:\/\/www.alab.pl\/centrum-wiedzy\/wp-content\/uploads\/2023\/11\/Izabella-Podsiadly-jpg-1068x1067.webp 2x\" alt=\"Izabella Podsiad\u0142y\" class=\"avatar avatar-500 wp-user-avatar wp-user-avatar-500 alignnone photo\" \/>\t\t\t\t\t\t\t\t\t\t\t<\/a>\n\n\t\t\t\t\t\t\t\t\t<\/div><!-- .team-item-thumbnail -->\n\t\t\t\n\t\t\t<div class=\"authors-list-item-main\">\n\n\t\t\t\t\n\t\t\t\t\t\t\t\t\t<div class=\"authors-list-item-title\">\n\t\t\t\t\t\t<a href=\"https:\/\/www.alab.pl\/centrum-wiedzy\/author\/izabella-podsiadly\/\">Izabella Podsiad\u0142y<\/a>\n\t\t\t\t\t<\/div>\n\t\t\t\t\n\t\t\t\t\n\t\t\t\t\n\t\t\t\t\n\t\t\t\t\n\t\t\t\t\n\t\t\t\t\t\t\t\t\t<div class=\"authors-list-item-excerpt\">\n\t\t\t\t\t\tZ wykszta\u0142cenia magister in\u017cynier biotechnologii, absolwentka Politechniki Wroc\u0142awskiej. W 2019 r. wyjecha\u0142a na dwuletni sta\u017c zagraniczny BioLab na Uniwersytecie Wirginii (Charlottesville, USA), gdzie prowadzi\u0142a badania nad bia\u0142kami zaanga\u017cowanymi w proces powstawania bia\u0142aczki oraz poszerza\u0142a swoje wiedz\u0119 i do\u015bwiadczenie w pracy laboratoryjnej. W firmie EUROIMMUN pracuje od 2021 roku i zajmuje si\u0119 przede wszystkim produktami do diagnostyki gru\u017alicy.\t\t\t\t\t<\/div>\n\t\t\t\t\n\t\t\t\t\n\t\t\t\t\n\t\t\t\t\n\t\t\t\t\n\t\t\t<\/div><!-- .team-item-main -->\n\n\t\t<\/div><!-- .authors-list-item -->\n\n\t\t\n\t\t<div class=\"authors-list-item authors-list-item-clearfix authors-list-col \">\n\n\t\t\t\t\t\t\t<div class=\"authors-list-item-thumbnail\">\n\t\t\t\t\t\n\t\t\t\t\t<a href=\"https:\/\/www.alab.pl\/centrum-wiedzy\/author\/sylwia-brodniewska\/\" class=\"author-list-item-avatar\">\n\t\t\t\t\t\t\t\t\t\t\t\t\t<img loading=\"lazy\" decoding=\"async\" src=\"https:\/\/www.alab.pl\/centrum-wiedzy\/wp-content\/uploads\/2024\/12\/Sylwia-Brodniewska-696x698.jpg\" width=\"500\" height=\"500\" srcset=\"https:\/\/www.alab.pl\/centrum-wiedzy\/wp-content\/uploads\/2024\/12\/Sylwia-Brodniewska.jpg 2x\" alt=\"Sylwia Brodniewska\" class=\"avatar avatar-500 wp-user-avatar wp-user-avatar-500 alignnone photo\" \/>\t\t\t\t\t\t\t\t\t\t\t<\/a>\n\n\t\t\t\t\t\t\t\t\t<\/div><!-- .team-item-thumbnail -->\n\t\t\t\n\t\t\t<div class=\"authors-list-item-main\">\n\n\t\t\t\t\n\t\t\t\t\t\t\t\t\t<div class=\"authors-list-item-title\">\n\t\t\t\t\t\t<a href=\"https:\/\/www.alab.pl\/centrum-wiedzy\/author\/sylwia-brodniewska\/\">Sylwia Brodniewska<\/a>\n\t\t\t\t\t<\/div>\n\t\t\t\t\n\t\t\t\t\n\t\t\t\t\n\t\t\t\t\n\t\t\t\t\n\t\t\t\t\n\t\t\t\t\t\t\t\t\t<div class=\"authors-list-item-excerpt\">\n\t\t\t\t\t\tKosmetolog i psychodietetyk, stale rozwijaj\u0105ca swoj\u0105 wiedz\u0119 z zakresu wp\u0142ywu suplementacji diety na stan sk\u00f3ry oraz psychologicznych aspekt\u00f3w leczenia oty\u0142o\u015bci. Obecnie w trakcie pog\u0142\u0119biania zagadnie\u0144 z zakresu trudno\u015bci w od\u017cywianiu u os\u00f3b z ADHD. Autorka wielu publikacji z dziedziny kosmetologii, dietetyki i zdrowego trybu \u017cycia.\t\t\t\t\t<\/div>\n\t\t\t\t\n\t\t\t\t\n\t\t\t\t\n\t\t\t\t\n\t\t\t\t\n\t\t\t<\/div><!-- .team-item-main -->\n\n\t\t<\/div><!-- .authors-list-item -->\n\n\t\t\n\t\t<div class=\"authors-list-item authors-list-item-clearfix authors-list-col \">\n\n\t\t\t\t\t\t\t<div class=\"authors-list-item-thumbnail\">\n\t\t\t\t\t\n\t\t\t\t\t<a href=\"https:\/\/www.alab.pl\/centrum-wiedzy\/author\/anna-koltys\/\" class=\"author-list-item-avatar\">\n\t\t\t\t\t\t\t\t\t\t\t\t\t<img loading=\"lazy\" decoding=\"async\" src=\"https:\/\/www.alab.pl\/centrum-wiedzy\/wp-content\/uploads\/2023\/06\/Anna-Koltys-jpg-696x696.webp\" width=\"500\" height=\"500\" srcset=\"https:\/\/www.alab.pl\/centrum-wiedzy\/wp-content\/uploads\/2023\/06\/Anna-Koltys-jpg.webp 2x\" alt=\"Anna Ko\u0142ty\u015b\" class=\"avatar avatar-500 wp-user-avatar wp-user-avatar-500 alignnone photo\" \/>\t\t\t\t\t\t\t\t\t\t\t<\/a>\n\n\t\t\t\t\t\t\t\t\t<\/div><!-- .team-item-thumbnail -->\n\t\t\t\n\t\t\t<div class=\"authors-list-item-main\">\n\n\t\t\t\t\n\t\t\t\t\t\t\t\t\t<div class=\"authors-list-item-title\">\n\t\t\t\t\t\t<a href=\"https:\/\/www.alab.pl\/centrum-wiedzy\/author\/anna-koltys\/\">Anna Ko\u0142ty\u015b<\/a>\n\t\t\t\t\t<\/div>\n\t\t\t\t\n\t\t\t\t\n\t\t\t\t\n\t\t\t\t\n\t\t\t\t\n\t\t\t\t\n\t\t\t\t\t\t\t\t\t<div class=\"authors-list-item-excerpt\">\n\t\t\t\t\t\tZ wykszta\u0142cenia biotechnolog, absolwentka Biotechnologii farmaceutycznej na Politechnice Wroc\u0142awskiej. Z zaanga\u017cowaniem rozwija swoje zainteresowania zawodowe w obszarze diagnostyki chor\u00f3b autoimmunizacyjnych, wci\u0105\u017c poszerzaj\u0105c swoj\u0105 wiedz\u0119 w tym obszarze. Od 2017 roku pracuje w Dziale Informacji Naukowej firmy Euroimmun Polska.\t\t\t\t\t<\/div>\n\t\t\t\t\n\t\t\t\t\n\t\t\t\t\n\t\t\t\t\n\t\t\t\t\n\t\t\t<\/div><!-- .team-item-main -->\n\n\t\t<\/div><!-- .authors-list-item -->\n\n\t\t\n\t\t<div class=\"authors-list-item authors-list-item-clearfix authors-list-col \">\n\n\t\t\t\t\t\t\t<div class=\"authors-list-item-thumbnail\">\n\t\t\t\t\t\n\t\t\t\t\t<a href=\"https:\/\/www.alab.pl\/centrum-wiedzy\/author\/agnieszka-koscielniak\/\" class=\"author-list-item-avatar\">\n\t\t\t\t\t\t\t\t\t\t\t\t\t<img loading=\"lazy\" decoding=\"async\" src=\"https:\/\/www.alab.pl\/centrum-wiedzy\/wp-content\/uploads\/2025\/03\/Agnieszka-Koscielniak.jpg\" width=\"500\" height=\"500\" srcset=\"https:\/\/www.alab.pl\/centrum-wiedzy\/wp-content\/uploads\/2025\/03\/Agnieszka-Koscielniak.jpg 2x\" alt=\"Agnieszka Ko\u015bcielniak\" class=\"avatar avatar-500 wp-user-avatar wp-user-avatar-500 alignnone photo\" \/>\t\t\t\t\t\t\t\t\t\t\t<\/a>\n\n\t\t\t\t\t\t\t\t\t<\/div><!-- .team-item-thumbnail -->\n\t\t\t\n\t\t\t<div class=\"authors-list-item-main\">\n\n\t\t\t\t\n\t\t\t\t\t\t\t\t\t<div class=\"authors-list-item-title\">\n\t\t\t\t\t\t<a href=\"https:\/\/www.alab.pl\/centrum-wiedzy\/author\/agnieszka-koscielniak\/\">Agnieszka Ko\u015bcielniak<\/a>\n\t\t\t\t\t<\/div>\n\t\t\t\t\n\t\t\t\t\n\t\t\t\t\n\t\t\t\t\n\t\t\t\t\n\t\t\t\t\n\t\t\t\t\t\t\t\t\t<div class=\"authors-list-item-excerpt\">\n\t\t\t\t\t\tPsycholo\u017cka, absolwentka Uniwersytetu \u0141\u00f3dzkiego (spec. Psychologia zdrowia i kliniczna). Pasj\u0119 do psychologii \u0142\u0105czy z mi\u0142o\u015bci\u0105 do pisania i tworzy artyku\u0142y z zakresu profilaktyki, zdrowia, zaburze\u0144 oraz psychodietetyki.\t\t\t\t\t<\/div>\n\t\t\t\t\n\t\t\t\t\n\t\t\t\t\n\t\t\t\t\n\t\t\t\t\n\t\t\t<\/div><!-- .team-item-main -->\n\n\t\t<\/div><!-- .authors-list-item -->\n\n\t\t\n\t\t<div class=\"authors-list-item authors-list-item-clearfix authors-list-col \">\n\n\t\t\t\t\t\t\t<div class=\"authors-list-item-thumbnail\">\n\t\t\t\t\t\n\t\t\t\t\t<a href=\"https:\/\/www.alab.pl\/centrum-wiedzy\/author\/krzysztof-wojcik\/\" class=\"author-list-item-avatar\">\n\t\t\t\t\t\t\t\t\t\t\t\t\t<img loading=\"lazy\" decoding=\"async\" src=\"https:\/\/www.alab.pl\/centrum-wiedzy\/wp-content\/uploads\/2023\/06\/Krzysztof-Wojcik-jpg.webp\" width=\"258\" height=\"258\" srcset=\"https:\/\/www.alab.pl\/centrum-wiedzy\/wp-content\/uploads\/2023\/06\/Krzysztof-Wojcik-jpg.webp 2x\" alt=\"Krzysztof W\u00f3jcik\" class=\"avatar avatar-500 wp-user-avatar wp-user-avatar-500 alignnone photo\" \/>\t\t\t\t\t\t\t\t\t\t\t<\/a>\n\n\t\t\t\t\t\t\t\t\t<\/div><!-- .team-item-thumbnail -->\n\t\t\t\n\t\t\t<div class=\"authors-list-item-main\">\n\n\t\t\t\t\n\t\t\t\t\t\t\t\t\t<div class=\"authors-list-item-title\">\n\t\t\t\t\t\t<a href=\"https:\/\/www.alab.pl\/centrum-wiedzy\/author\/krzysztof-wojcik\/\">Krzysztof W\u00f3jcik<\/a>\n\t\t\t\t\t<\/div>\n\t\t\t\t\n\t\t\t\t\n\t\t\t\t\n\t\t\t\t\n\t\t\t\t\n\t\t\t\t\n\t\t\t\t\t\t\t\t\t<div class=\"authors-list-item-excerpt\">\n\t\t\t\t\t\tMgr biotechnologii medycznej, Specjalista ds. alergii w HVD Life Sciences, Absolwent Uniwersytetu Marii Curie-Sk\u0142odowskiej w Lublinie.\t\t\t\t\t<\/div>\n\t\t\t\t\n\t\t\t\t\n\t\t\t\t\n\t\t\t\t\n\t\t\t\t\n\t\t\t<\/div><!-- .team-item-main -->\n\n\t\t<\/div><!-- .authors-list-item -->\n\n\t\t\n\t\t<div class=\"authors-list-item authors-list-item-clearfix authors-list-col \">\n\n\t\t\t\t\t\t\t<div class=\"authors-list-item-thumbnail\">\n\t\t\t\t\t\n\t\t\t\t\t<a href=\"https:\/\/www.alab.pl\/centrum-wiedzy\/author\/martyna\/\" class=\"author-list-item-avatar\">\n\t\t\t\t\t\t\t\t\t\t\t\t\t<img loading=\"lazy\" decoding=\"async\" src=\"https:\/\/www.alab.pl\/centrum-wiedzy\/wp-content\/uploads\/2022\/04\/Martyna-Lewandowska.jpg\" width=\"300\" height=\"300\" srcset=\"https:\/\/www.alab.pl\/centrum-wiedzy\/wp-content\/uploads\/2022\/04\/Martyna-Lewandowska.jpg 2x\" alt=\"Martyna Szali\u0144ska\" class=\"avatar avatar-500 wp-user-avatar wp-user-avatar-500 alignnone photo\" \/>\t\t\t\t\t\t\t\t\t\t\t<\/a>\n\n\t\t\t\t\t\t\t\t\t<\/div><!-- .team-item-thumbnail -->\n\t\t\t\n\t\t\t<div class=\"authors-list-item-main\">\n\n\t\t\t\t\n\t\t\t\t\t\t\t\t\t<div class=\"authors-list-item-title\">\n\t\t\t\t\t\t<a href=\"https:\/\/www.alab.pl\/centrum-wiedzy\/author\/martyna\/\">Martyna Szali\u0144ska<\/a>\n\t\t\t\t\t<\/div>\n\t\t\t\t\n\t\t\t\t\n\t\t\t\t\n\t\t\t\t\n\t\t\t\t\n\t\t\t\t\n\t\t\t\t\t\t\t\t\t<div class=\"authors-list-item-excerpt\">\n\t\t\t\t\t\tProduct manager ds. alergii i autoimmunologii w ALAB laboratoria, diagnosta laboratoryjny, Absolwentka Analityki medycznej Collegium Medicum UMK im. Ludwika Rydygiera w Bydgoszczy.\t\t\t\t\t<\/div>\n\t\t\t\t\n\t\t\t\t\n\t\t\t\t\n\t\t\t\t\n\t\t\t\t\n\t\t\t<\/div><!-- .team-item-main -->\n\n\t\t<\/div><!-- .authors-list-item -->\n\n\t\t\n\t\t<div class=\"authors-list-item authors-list-item-clearfix authors-list-col \">\n\n\t\t\t\t\t\t\t<div class=\"authors-list-item-thumbnail\">\n\t\t\t\t\t\n\t\t\t\t\t<a href=\"https:\/\/www.alab.pl\/centrum-wiedzy\/author\/mateusz-nawrocki\/\" class=\"author-list-item-avatar\">\n\t\t\t\t\t\t\t\t\t\t\t\t\t<img loading=\"lazy\" decoding=\"async\" src=\"https:\/\/www.alab.pl\/centrum-wiedzy\/wp-content\/uploads\/2025\/02\/Mateusz-Nawrocki.jpeg\" width=\"387\" height=\"387\" srcset=\"https:\/\/www.alab.pl\/centrum-wiedzy\/wp-content\/uploads\/2025\/02\/Mateusz-Nawrocki.jpeg 2x\" alt=\"Mateusz Nawrocki\" class=\"avatar avatar-500 wp-user-avatar wp-user-avatar-500 alignnone photo\" \/>\t\t\t\t\t\t\t\t\t\t\t<\/a>\n\n\t\t\t\t\t\t\t\t\t<\/div><!-- .team-item-thumbnail -->\n\t\t\t\n\t\t\t<div class=\"authors-list-item-main\">\n\n\t\t\t\t\n\t\t\t\t\t\t\t\t\t<div class=\"authors-list-item-title\">\n\t\t\t\t\t\t<a href=\"https:\/\/www.alab.pl\/centrum-wiedzy\/author\/mateusz-nawrocki\/\">Mateusz Nawrocki<\/a>\n\t\t\t\t\t<\/div>\n\t\t\t\t\n\t\t\t\t\n\t\t\t\t\n\t\t\t\t\n\t\t\t\t\n\t\t\t\t\n\t\t\t\t\t\t\t\t\t<div class=\"authors-list-item-excerpt\">\n\t\t\t\t\t\tLekarz medycyny, Specjalista Radiologii i Diagnostyki Obrazowej, Absolwent Wydzia\u0142u Lekarskiego Collegium Medicum Uniwersytetu Jagiello\u0144skiego. Autor kilkuset artyku\u0142\u00f3w popularnonaukowych z zakresu medycyny i chor\u00f3b cz\u0142owieka. Wyk\u0142adowca Akademicki Uniwersytetu Jagiello\u0144skiego Collegium Medicum w Katedrze Radiologii. Uczestnik krajowych oraz zagranicznych kongres\u00f3w po\u015bwi\u0119conych radiologii i diagnostyce obrazowej.\t\t\t\t\t<\/div>\n\t\t\t\t\n\t\t\t\t\n\t\t\t\t\n\t\t\t\t\n\t\t\t\t\n\t\t\t<\/div><!-- .team-item-main -->\n\n\t\t<\/div><!-- .authors-list-item -->\n\n\t\t\n\t\t<div class=\"authors-list-item authors-list-item-clearfix authors-list-col \">\n\n\t\t\t\t\t\t\t<div class=\"authors-list-item-thumbnail\">\n\t\t\t\t\t\n\t\t\t\t\t<a href=\"https:\/\/www.alab.pl\/centrum-wiedzy\/author\/katarzyna-kopycinska\/\" class=\"author-list-item-avatar\">\n\t\t\t\t\t\t\t\t\t\t\t\t\t<img loading=\"lazy\" decoding=\"async\" src=\"https:\/\/www.alab.pl\/centrum-wiedzy\/wp-content\/uploads\/2025\/08\/Katarzyna-Kopycinska-696x696.jpg\" width=\"500\" height=\"500\" srcset=\"https:\/\/www.alab.pl\/centrum-wiedzy\/wp-content\/uploads\/2025\/08\/Katarzyna-Kopycinska.jpg 2x\" alt=\"Katarzyna Kopyci\u0144ska\" class=\"avatar avatar-500 wp-user-avatar wp-user-avatar-500 alignnone photo\" \/>\t\t\t\t\t\t\t\t\t\t\t<\/a>\n\n\t\t\t\t\t\t\t\t\t<\/div><!-- .team-item-thumbnail -->\n\t\t\t\n\t\t\t<div class=\"authors-list-item-main\">\n\n\t\t\t\t\n\t\t\t\t\t\t\t\t\t<div class=\"authors-list-item-title\">\n\t\t\t\t\t\t<a href=\"https:\/\/www.alab.pl\/centrum-wiedzy\/author\/katarzyna-kopycinska\/\">Katarzyna Kopyci\u0144ska<\/a>\n\t\t\t\t\t<\/div>\n\t\t\t\t\n\t\t\t\t\n\t\t\t\t\n\t\t\t\t\n\t\t\t\t\n\t\t\t\t\n\t\t\t\t\t\t\t\t\t<div class=\"authors-list-item-excerpt\">\n\t\t\t\t\t\tTechnik farmaceutyczny i biotechnolog z dyplomem Uniwersytetu Miko\u0142aja Kopernika w Toruniu. Autorka licznych artyku\u0142\u00f3w z pogranicza zielarstwa, medycyny oraz \u015bwiadomej piel\u0119gnacji sk\u00f3ry i w\u0142os\u00f3w.  Interesuje si\u0119 nowoczesnymi metodami leczenia i terapiami wspomagaj\u0105cymi gojenie ran. Na co dzie\u0144 pracuje w aptece, gdzie \u0142\u0105czy wiedz\u0119 teoretyczn\u0105 z praktyk\u0105.\t\t\t\t\t<\/div>\n\t\t\t\t\n\t\t\t\t\n\t\t\t\t\n\t\t\t\t\n\t\t\t\t\n\t\t\t<\/div><!-- .team-item-main -->\n\n\t\t<\/div><!-- .authors-list-item -->\n\n\t\t\n\t\t<div class=\"authors-list-item authors-list-item-clearfix authors-list-col \">\n\n\t\t\t\t\t\t\t<div class=\"authors-list-item-thumbnail\">\n\t\t\t\t\t\n\t\t\t\t\t<a href=\"https:\/\/www.alab.pl\/centrum-wiedzy\/author\/adrianna-dabrowska-hulka\/\" class=\"author-list-item-avatar\">\n\t\t\t\t\t\t\t\t\t\t\t\t\t<img loading=\"lazy\" decoding=\"async\" src=\"https:\/\/www.alab.pl\/centrum-wiedzy\/wp-content\/uploads\/2025\/07\/Adrianna-Dabrowska-Hulka-696x696.jpg\" width=\"500\" height=\"500\" srcset=\"https:\/\/www.alab.pl\/centrum-wiedzy\/wp-content\/uploads\/2025\/07\/Adrianna-Dabrowska-Hulka.jpg 2x\" alt=\"Adrianna D\u0105browska-Hulka\" class=\"avatar avatar-500 wp-user-avatar wp-user-avatar-500 alignnone photo\" \/>\t\t\t\t\t\t\t\t\t\t\t<\/a>\n\n\t\t\t\t\t\t\t\t\t<\/div><!-- .team-item-thumbnail -->\n\t\t\t\n\t\t\t<div class=\"authors-list-item-main\">\n\n\t\t\t\t\n\t\t\t\t\t\t\t\t\t<div class=\"authors-list-item-title\">\n\t\t\t\t\t\t<a href=\"https:\/\/www.alab.pl\/centrum-wiedzy\/author\/adrianna-dabrowska-hulka\/\">Adrianna D\u0105browska-Hulka<\/a>\n\t\t\t\t\t<\/div>\n\t\t\t\t\n\t\t\t\t\n\t\t\t\t\n\t\t\t\t\n\t\t\t\t\n\t\t\t\t\n\t\t\t\t\t\t\t\t\t<div class=\"authors-list-item-excerpt\">\n\t\t\t\t\t\tMagister dietetyki, magister biotechnologii. Jako dietetyk kliniczny od 5 lat korzysta ze swojej wiedzy z zakresu dietetyki klinicznej i pomaga Pacjentom z chorobami sk\u00f3ry, przewodu pokarmowego i zaburzeniami hormonalnymi. Jest r\u00f3wnie\u017c autork\u0105 publikacji naukowych, mi\u0119dzy innymi z zakresu roli zwi\u0105zk\u00f3w bioaktywnych w protekcji antynowotworowej (D\u0105browska, A. (2020). ROLA WYBRANYCH ZWI\u0104ZK\u00d3W BIOAKTYWNYCH O DZIA\u0141ANIU FOTOPROTEKCYJNYM. Post\u0119py nauki i Technologii Przemyslu Rolno-Spozywczego, 75.), eBooka \"Najwi\u0119ksza Tabela Indeks\u00f3w Glikemicznych\", szkole\u0144 i webinar\u00f3w skierowanych do dietetyk\u00f3w oraz profilu na Instagramie, kt\u00f3rego celem jest popularyzacja wiedzy z zakresu dietetyki klinicznej: dietetyka.dla.skory\t\t\t\t\t<\/div>\n\t\t\t\t\n\t\t\t\t\n\t\t\t\t\n\t\t\t\t\n\t\t\t\t\n\t\t\t<\/div><!-- .team-item-main -->\n\n\t\t<\/div><!-- .authors-list-item -->\n\n\t\t\n\t\t<div class=\"authors-list-item authors-list-item-clearfix authors-list-col \">\n\n\t\t\t\t\t\t\t<div class=\"authors-list-item-thumbnail\">\n\t\t\t\t\t\n\t\t\t\t\t<a href=\"https:\/\/www.alab.pl\/centrum-wiedzy\/author\/michal-lipinski\/\" class=\"author-list-item-avatar\">\n\t\t\t\t\t\t\t\t\t\t\t\t\t<img loading=\"lazy\" decoding=\"async\" src=\"https:\/\/www.alab.pl\/centrum-wiedzy\/wp-content\/uploads\/2022\/12\/dr-lipinski-jpg.webp\" width=\"500\" height=\"500\" srcset=\"https:\/\/www.alab.pl\/centrum-wiedzy\/wp-content\/uploads\/2022\/12\/dr-lipinski-jpg.webp 2x\" alt=\"Micha\u0142 Lipi\u0144ski\" class=\"avatar avatar-500 wp-user-avatar wp-user-avatar-500 alignnone photo\" \/>\t\t\t\t\t\t\t\t\t\t\t<\/a>\n\n\t\t\t\t\t\t\t\t\t<\/div><!-- .team-item-thumbnail -->\n\t\t\t\n\t\t\t<div class=\"authors-list-item-main\">\n\n\t\t\t\t\n\t\t\t\t\t\t\t\t\t<div class=\"authors-list-item-title\">\n\t\t\t\t\t\t<a href=\"https:\/\/www.alab.pl\/centrum-wiedzy\/author\/michal-lipinski\/\">Micha\u0142 Lipi\u0144ski<\/a>\n\t\t\t\t\t<\/div>\n\t\t\t\t\n\t\t\t\t\n\t\t\t\t\n\t\t\t\t\n\t\t\t\t\n\t\t\t\t\n\t\t\t\t\t\t\t\t\t<div class=\"authors-list-item-excerpt\">\n\t\t\t\t\t\tSpecjalista w dziedzinie chor\u00f3b wewn\u0119trznych oraz gastroenterologii. Od 2018 roku doktor habilitowany w dziedzinie nauk medycznych. Cz\u0142onek Zarz\u0105du G\u0142\u00f3wnego Polskiego Towarzystwa Gastroenterologii, Polskiego Klubu Trzustkowego oraz Europejskiego Klubu Trzustkowego.\r\nDo jego g\u0142\u00f3wnych zainteresowa\u0144 nale\u017c\u0105 choroby trzustki, ale tak\u017ce zesp\u00f3\u0142 jelita nadwra\u017cliwego, SIBO, choroba trzewna, celiakia czy nadwra\u017cliwo\u015b\u0107 na gluten. Jest autorem i wsp\u00f3\u0142autorem wielu publikacji w czasopismach krajowych i mi\u0119dzynarodowych w zakresie chor\u00f3b wewn\u0119trznych i gastroenterologii.\t\t\t\t\t<\/div>\n\t\t\t\t\n\t\t\t\t\n\t\t\t\t\n\t\t\t\t\n\t\t\t\t\n\t\t\t<\/div><!-- .team-item-main -->\n\n\t\t<\/div><!-- .authors-list-item -->\n\n\t\t\n\t\t<div class=\"authors-list-item authors-list-item-clearfix authors-list-col \">\n\n\t\t\t\t\t\t\t<div class=\"authors-list-item-thumbnail\">\n\t\t\t\t\t\n\t\t\t\t\t<a href=\"https:\/\/www.alab.pl\/centrum-wiedzy\/author\/malgorzata-frydzynska\/\" class=\"author-list-item-avatar\">\n\t\t\t\t\t\t\t\t\t\t\t\t\t<img loading=\"lazy\" decoding=\"async\" src=\"https:\/\/www.alab.pl\/centrum-wiedzy\/wp-content\/uploads\/2023\/11\/Malgorzata-Frydzynska-2-jpg-696x697.webp\" width=\"500\" height=\"500\" srcset=\"https:\/\/www.alab.pl\/centrum-wiedzy\/wp-content\/uploads\/2023\/11\/Malgorzata-Frydzynska-2-jpg.webp 2x\" alt=\"Ma\u0142gorzata Frydzy\u0144ska\" class=\"avatar avatar-500 wp-user-avatar wp-user-avatar-500 alignnone photo\" \/>\t\t\t\t\t\t\t\t\t\t\t<\/a>\n\n\t\t\t\t\t\t\t\t\t<\/div><!-- .team-item-thumbnail -->\n\t\t\t\n\t\t\t<div class=\"authors-list-item-main\">\n\n\t\t\t\t\n\t\t\t\t\t\t\t\t\t<div class=\"authors-list-item-title\">\n\t\t\t\t\t\t<a href=\"https:\/\/www.alab.pl\/centrum-wiedzy\/author\/malgorzata-frydzynska\/\">Ma\u0142gorzata Frydzy\u0144ska<\/a>\n\t\t\t\t\t<\/div>\n\t\t\t\t\n\t\t\t\t\n\t\t\t\t\n\t\t\t\t\n\t\t\t\t\n\t\t\t\t\n\t\t\t\t\t\t\t\t\t<div class=\"authors-list-item-excerpt\">\n\t\t\t\t\t\tKosmetolog, absolwentka Uniwersytetu Medycznego w \u0141odzi oraz studi\u00f3w MBA na Akademii Leona Ko\u017ami\u0144skiego. Przez prawie 20 lat zawodowo zwi\u0105zana z bran\u017c\u0105 medyczn\u0105 i farmaceutyczn\u0105. Autorka publikacji i szkole\u0144 z dziedziny kosmetologii i zdrowego stylu \u017cycia. W\u0142a\u015bcicielka MJ Beauty Embassy.\t\t\t\t\t<\/div>\n\t\t\t\t\n\t\t\t\t\n\t\t\t\t\n\t\t\t\t\n\t\t\t\t\n\t\t\t<\/div><!-- .team-item-main -->\n\n\t\t<\/div><!-- .authors-list-item -->\n\n\t\t\n\t\t<div class=\"authors-list-item authors-list-item-clearfix authors-list-col \">\n\n\t\t\t\t\t\t\t<div class=\"authors-list-item-thumbnail\">\n\t\t\t\t\t\n\t\t\t\t\t<a href=\"https:\/\/www.alab.pl\/centrum-wiedzy\/author\/marta-malec\/\" class=\"author-list-item-avatar\">\n\t\t\t\t\t\t\t\t\t\t\t\t\t<img loading=\"lazy\" decoding=\"async\" src=\"https:\/\/www.alab.pl\/centrum-wiedzy\/wp-content\/uploads\/2025\/10\/Marta-Malec-foto-696x696.jpg\" width=\"500\" height=\"500\" srcset=\"https:\/\/www.alab.pl\/centrum-wiedzy\/wp-content\/uploads\/2025\/10\/Marta-Malec-foto.jpg 2x\" alt=\"Marta Malec\" class=\"avatar avatar-500 wp-user-avatar wp-user-avatar-500 alignnone photo\" \/>\t\t\t\t\t\t\t\t\t\t\t<\/a>\n\n\t\t\t\t\t\t\t\t\t<\/div><!-- .team-item-thumbnail -->\n\t\t\t\n\t\t\t<div class=\"authors-list-item-main\">\n\n\t\t\t\t\n\t\t\t\t\t\t\t\t\t<div class=\"authors-list-item-title\">\n\t\t\t\t\t\t<a href=\"https:\/\/www.alab.pl\/centrum-wiedzy\/author\/marta-malec\/\">Marta Malec<\/a>\n\t\t\t\t\t<\/div>\n\t\t\t\t\n\t\t\t\t\n\t\t\t\t\n\t\t\t\t\n\t\t\t\t\n\t\t\t\t\n\t\t\t\t\t\t\t\t\t<div class=\"authors-list-item-excerpt\">\n\t\t\t\t\t\tDietetyczka, psychodietetyczka oraz trenerka personalna. Absolwentka Warszawskiego Uniwersytetu Medycznego oraz Politechniki \u0141\u00f3dzkiej. Na co dzie\u0144 zajmuje si\u0119 poradnictwem dietetycznym oraz prowadzeniem wyk\u0142ad\u00f3w edukacyjnych z zakresu \u017cywienia. Specjalizuje si\u0119 w \u017cywieniu cz\u0142owieka w chorobach metabolicznych oraz w terapii zaburze\u0144 od\u017cywiania, \u0142\u0105cz\u0105c wiedz\u0119 z zakresu dietetyki, psychologii i treningu, aby wspiera\u0107 swoich pacjent\u00f3w w poprawie zdrowia i jako\u015bci \u017cycia.\t\t\t\t\t<\/div>\n\t\t\t\t\n\t\t\t\t\n\t\t\t\t\n\t\t\t\t\n\t\t\t\t\n\t\t\t<\/div><!-- .team-item-main -->\n\n\t\t<\/div><!-- .authors-list-item -->\n\n\t\t\n\t\t<div class=\"authors-list-item authors-list-item-clearfix authors-list-col \">\n\n\t\t\t\t\t\t\t<div class=\"authors-list-item-thumbnail\">\n\t\t\t\t\t\n\t\t\t\t\t<a href=\"https:\/\/www.alab.pl\/centrum-wiedzy\/author\/magdalena-obrzut\/\" class=\"author-list-item-avatar\">\n\t\t\t\t\t\t\t\t\t\t\t\t\t<img loading=\"lazy\" decoding=\"async\" src=\"https:\/\/www.alab.pl\/centrum-wiedzy\/wp-content\/uploads\/2023\/08\/Magdalena-Obrzut-jpg.webp\" width=\"500\" height=\"500\" srcset=\"https:\/\/www.alab.pl\/centrum-wiedzy\/wp-content\/uploads\/2023\/08\/Magdalena-Obrzut-jpg.webp 2x\" alt=\"Magdalena Obrzut\" class=\"avatar avatar-500 wp-user-avatar wp-user-avatar-500 alignnone photo\" \/>\t\t\t\t\t\t\t\t\t\t\t<\/a>\n\n\t\t\t\t\t\t\t\t\t<\/div><!-- .team-item-thumbnail -->\n\t\t\t\n\t\t\t<div class=\"authors-list-item-main\">\n\n\t\t\t\t\n\t\t\t\t\t\t\t\t\t<div class=\"authors-list-item-title\">\n\t\t\t\t\t\t<a href=\"https:\/\/www.alab.pl\/centrum-wiedzy\/author\/magdalena-obrzut\/\">Magdalena Obrzut<\/a>\n\t\t\t\t\t<\/div>\n\t\t\t\t\n\t\t\t\t\n\t\t\t\t\n\t\t\t\t\n\t\t\t\t\n\t\t\t\t\n\t\t\t\t\t\t\t\t\t<div class=\"authors-list-item-excerpt\">\n\t\t\t\t\t\tFarmaceutka, doktor nauk farmaceutycznych, absolwentka Uniwersytetu Jagiello\u0144skiego Collegium Medicum gdzie uko\u0144czy\u0142a studia magisterskie, a cztery lata p\u00f3\u017aniej obroni\u0142a z wyr\u00f3\u017cnieniem tytu\u0142 doktora nauk farmaceutycznych. Uko\u0144czy\u0142a studia podyplomowe z Dietetyki w Wy\u017cszej Szkole Promocji Zdrowia. Do\u015bwiadczenia zawodowe zbiera\u0142a m.in. odbywaj\u0105c sta\u017c w Royal Glasgow Infirmary w Szkocji. Autorka wielu szkole\u0144 dla specjalist\u00f3w oraz pacjent\u00f3w z zakresu wp\u0142ywu lek\u00f3w na mas\u0119 cia\u0142a, stanu od\u017cywienia na metabolizm leku, interakcji lekowych, a tak\u017ce interakcji lek\u00f3w z po\u017cywieniem. Na co dzie\u0144 pracuje jako farmaceutka, edukuj\u0105c pacjent\u00f3w. Pasjonatka opieki farmaceutycznej. Opieraj\u0105c si\u0119 na codziennym kontakcie z pacjentem, porusza najcz\u0119stsze problemy zwi\u0105zane z farmakoterapi\u0105 oraz suplementacj\u0105 w insulinooporno\u015bci i chorobach tarczycy. Autorka publikacji, artyku\u0142\u00f3w i ksi\u0105\u017cek.  Prowadzi tak\u017ce sw\u00f3j fanpage Doktor Hashi - Insulinooporno\u015b\u0107 i Hashimoto - leki i suplementy diety.\t\t\t\t\t<\/div>\n\t\t\t\t\n\t\t\t\t\n\t\t\t\t\n\t\t\t\t\n\t\t\t\t\n\t\t\t<\/div><!-- .team-item-main -->\n\n\t\t<\/div><!-- .authors-list-item -->\n\n\t\t\n\t\t<div class=\"authors-list-item authors-list-item-clearfix authors-list-col \">\n\n\t\t\t\t\t\t\t<div class=\"authors-list-item-thumbnail\">\n\t\t\t\t\t\n\t\t\t\t\t<a href=\"https:\/\/www.alab.pl\/centrum-wiedzy\/author\/julia-wranicz-smagowska\/\" class=\"author-list-item-avatar\">\n\t\t\t\t\t\t\t\t\t\t\t\t\t<img loading=\"lazy\" decoding=\"async\" src=\"https:\/\/www.alab.pl\/centrum-wiedzy\/wp-content\/uploads\/2022\/03\/Julia-Wranicz-Smagowska.jpg\" width=\"487\" height=\"500\" srcset=\"https:\/\/www.alab.pl\/centrum-wiedzy\/wp-content\/uploads\/2022\/03\/Julia-Wranicz-Smagowska.jpg 2x\" alt=\"Julia Wranicz-Smagowska\" class=\"avatar avatar-500 wp-user-avatar wp-user-avatar-500 alignnone photo\" \/>\t\t\t\t\t\t\t\t\t\t\t<\/a>\n\n\t\t\t\t\t\t\t\t\t<\/div><!-- .team-item-thumbnail -->\n\t\t\t\n\t\t\t<div class=\"authors-list-item-main\">\n\n\t\t\t\t\n\t\t\t\t\t\t\t\t\t<div class=\"authors-list-item-title\">\n\t\t\t\t\t\t<a href=\"https:\/\/www.alab.pl\/centrum-wiedzy\/author\/julia-wranicz-smagowska\/\">Julia Wranicz-Smagowska<\/a>\n\t\t\t\t\t<\/div>\n\t\t\t\t\n\t\t\t\t\n\t\t\t\t\n\t\t\t\t\n\t\t\t\t\n\t\t\t\t\n\t\t\t\t\t\t\t\t\t<div class=\"authors-list-item-excerpt\">\n\t\t\t\t\t\tProduct manager ds. diagnostyki zaburze\u0144 jelitowych w ALAB laboratoria. Absolwentka Warszawskiego Uniwersytetu Medycznego oraz studi\u00f3w doktoranckich w Katedrze Dietetyki Szko\u0142y G\u0142\u00f3wnej Gospodarstwa Wiejskiego w Warszawie, w ramach kt\u00f3rych prowadzi\u0142a projekt badawczy z zakresu dietoterapii cukrzycy u kobiet ci\u0119\u017carnych.\t\t\t\t\t<\/div>\n\t\t\t\t\n\t\t\t\t\n\t\t\t\t\n\t\t\t\t\n\t\t\t\t\n\t\t\t<\/div><!-- .team-item-main -->\n\n\t\t<\/div><!-- .authors-list-item -->\n\n\t\t\n\t\t<div class=\"authors-list-item authors-list-item-clearfix authors-list-col \">\n\n\t\t\t\t\t\t\t<div class=\"authors-list-item-thumbnail\">\n\t\t\t\t\t\n\t\t\t\t\t<a href=\"https:\/\/www.alab.pl\/centrum-wiedzy\/author\/agnieszka-falborska\/\" class=\"author-list-item-avatar\">\n\t\t\t\t\t\t\t\t\t\t\t\t\t<img loading=\"lazy\" decoding=\"async\" src=\"https:\/\/www.alab.pl\/centrum-wiedzy\/wp-content\/uploads\/2024\/12\/Agnieszka-Falborska-696x696.jpg\" width=\"500\" height=\"500\" srcset=\"https:\/\/www.alab.pl\/centrum-wiedzy\/wp-content\/uploads\/2024\/12\/Agnieszka-Falborska.jpg 2x\" alt=\"Agnieszka Falborska\" class=\"avatar avatar-500 wp-user-avatar wp-user-avatar-500 alignnone photo\" \/>\t\t\t\t\t\t\t\t\t\t\t<\/a>\n\n\t\t\t\t\t\t\t\t\t<\/div><!-- .team-item-thumbnail -->\n\t\t\t\n\t\t\t<div class=\"authors-list-item-main\">\n\n\t\t\t\t\n\t\t\t\t\t\t\t\t\t<div class=\"authors-list-item-title\">\n\t\t\t\t\t\t<a href=\"https:\/\/www.alab.pl\/centrum-wiedzy\/author\/agnieszka-falborska\/\">Agnieszka Falborska<\/a>\n\t\t\t\t\t<\/div>\n\t\t\t\t\n\t\t\t\t\n\t\t\t\t\n\t\t\t\t\n\t\t\t\t\n\t\t\t\t\n\t\t\t\t\t\t\t\t\t<div class=\"authors-list-item-excerpt\">\n\t\t\t\t\t\tDietetyczka, wyk\u0142adowczyni akademicka, absolwentka Uniwersytetu Medycznego w Poznaniu. Szczeg\u00f3lnie zainteresowana \u017cywieniem biegaczy \u2013 zar\u00f3wno zawodowo, jak i prywatnie. Swoj\u0105 wiedz\u0105 oraz do\u015bwiadczeniem biegacza-amatora dzieli si\u0119 na www.zywieniebiegacza.pl.\t\t\t\t\t<\/div>\n\t\t\t\t\n\t\t\t\t\n\t\t\t\t\n\t\t\t\t\n\t\t\t\t\n\t\t\t<\/div><!-- .team-item-main -->\n\n\t\t<\/div><!-- .authors-list-item -->\n\n\t\t\n\t\t<div class=\"authors-list-item authors-list-item-clearfix authors-list-col \">\n\n\t\t\t\t\t\t\t<div class=\"authors-list-item-thumbnail\">\n\t\t\t\t\t\n\t\t\t\t\t<a href=\"https:\/\/www.alab.pl\/centrum-wiedzy\/author\/magdalena-jagiello\/\" class=\"author-list-item-avatar\">\n\t\t\t\t\t\t\t\t\t\t\t\t\t<img loading=\"lazy\" decoding=\"async\" src=\"https:\/\/www.alab.pl\/centrum-wiedzy\/wp-content\/uploads\/2023\/09\/magdalena-jagiello-jpg.webp\" width=\"500\" height=\"498\" srcset=\"https:\/\/www.alab.pl\/centrum-wiedzy\/wp-content\/uploads\/2023\/09\/magdalena-jagiello-jpg.webp 2x\" alt=\"Magdalena Jagie\u0142\u0142o\" class=\"avatar avatar-500 wp-user-avatar wp-user-avatar-500 alignnone photo\" \/>\t\t\t\t\t\t\t\t\t\t\t<\/a>\n\n\t\t\t\t\t\t\t\t\t<\/div><!-- .team-item-thumbnail -->\n\t\t\t\n\t\t\t<div class=\"authors-list-item-main\">\n\n\t\t\t\t\n\t\t\t\t\t\t\t\t\t<div class=\"authors-list-item-title\">\n\t\t\t\t\t\t<a href=\"https:\/\/www.alab.pl\/centrum-wiedzy\/author\/magdalena-jagiello\/\">Magdalena Jagie\u0142\u0142o<\/a>\n\t\t\t\t\t<\/div>\n\t\t\t\t\n\t\t\t\t\n\t\t\t\t\n\t\t\t\t\n\t\t\t\t\n\t\t\t\t\n\t\t\t\t\t\t\t\t\t<div class=\"authors-list-item-excerpt\">\n\t\t\t\t\t\tSpecjalista w dziedzinie endokrynologii i chor\u00f3b wewn\u0119trznych. Autorka ksi\u0105\u017cek stworzonych specjalnie dla pacjent\u00f3w \"Hashimoto. Niedoczynno\u015b\u0107 tarczycy. Prawdy i mity.\" oraz \u201cInsulinooporno\u015b\u0107. Zrozumie\u0107, czu\u0107 si\u0119 dobrze, schudn\u0105\u0107.\u201d. Prowadzi bloga <a href=\"https:\/\/doktormagda.pl\">Doktor Magda<\/a>, na kt\u00f3rym przybli\u017ca czytelnikom endokrynologi\u0119, zaburzenia hormonalne, ze szczeg\u00f3lnym naciskiem na choroby tarczycy oraz zaburzenia metaboliczne.\t\t\t\t\t<\/div>\n\t\t\t\t\n\t\t\t\t\n\t\t\t\t\n\t\t\t\t\n\t\t\t\t\n\t\t\t<\/div><!-- .team-item-main -->\n\n\t\t<\/div><!-- .authors-list-item -->\n\n\t\t\n\t\t<div class=\"authors-list-item authors-list-item-clearfix authors-list-col \">\n\n\t\t\t\t\t\t\t<div class=\"authors-list-item-thumbnail\">\n\t\t\t\t\t\n\t\t\t\t\t<a href=\"https:\/\/www.alab.pl\/centrum-wiedzy\/author\/barbara-pawlowska\/\" class=\"author-list-item-avatar\">\n\t\t\t\t\t\t\t\t\t\t\t\t\t<img loading=\"lazy\" decoding=\"async\" src=\"https:\/\/www.alab.pl\/centrum-wiedzy\/wp-content\/uploads\/2023\/09\/Barbara-Pawlowska-jpg.webp\" width=\"300\" height=\"300\" srcset=\"https:\/\/www.alab.pl\/centrum-wiedzy\/wp-content\/uploads\/2023\/09\/Barbara-Pawlowska-jpg.webp 2x\" alt=\"Barbara Paw\u0142owska\" class=\"avatar avatar-500 wp-user-avatar wp-user-avatar-500 alignnone photo\" \/>\t\t\t\t\t\t\t\t\t\t\t<\/a>\n\n\t\t\t\t\t\t\t\t\t<\/div><!-- .team-item-thumbnail -->\n\t\t\t\n\t\t\t<div class=\"authors-list-item-main\">\n\n\t\t\t\t\n\t\t\t\t\t\t\t\t\t<div class=\"authors-list-item-title\">\n\t\t\t\t\t\t<a href=\"https:\/\/www.alab.pl\/centrum-wiedzy\/author\/barbara-pawlowska\/\">Barbara Paw\u0142owska<\/a>\n\t\t\t\t\t<\/div>\n\t\t\t\t\n\t\t\t\t\n\t\t\t\t\n\t\t\t\t\n\t\t\t\t\n\t\t\t\t\n\t\t\t\t\t\t\t\t\t<div class=\"authors-list-item-excerpt\">\n\t\t\t\t\t\tEkspertka ds. specjalistycznych szkole\u0144 dla diagnost\u00f3w i lekarzy \u2013 pe\u0142ni\u0105ca funkcj\u0119 kierownika <a href=\"https:\/\/akademia.euroimmun.pl\/\">Akademii EUROIMMUN<\/a>. Z wykszta\u0142cenia diagnosta laboratoryjny. Po zako\u0144czeniu studi\u00f3w magisterskich, kontynuowa\u0142a swoj\u0105 \u015bcie\u017ck\u0119 edukacyjn\u0105 jako doktorantka na Wydziale Lekarskim Uniwersytetu Medycznego we Wroc\u0142awiu, co zaowocowa\u0142o obron\u0105 rozprawy doktorskiej oraz uzyskaniem stopnia doktora nauk medycznych. Od stycznia 2017 roku pracuje w Dziale Informacji Naukowej firmy EUROIMMUN Polska, kt\u00f3ra jest renomowanym producentem wysokiej jako\u015bci test\u00f3w do diagnostyki laboratoryjnej chor\u00f3b autoimmunizacyjnych, zaka\u017anych, alergii oraz wybranych marker\u00f3w genetycznych na skal\u0119 \u015bwiatow\u0105.\t\t\t\t\t<\/div>\n\t\t\t\t\n\t\t\t\t\n\t\t\t\t\n\t\t\t\t\n\t\t\t\t\n\t\t\t<\/div><!-- .team-item-main -->\n\n\t\t<\/div><!-- .authors-list-item -->\n\n\t\t\n\t\t<div class=\"authors-list-item authors-list-item-clearfix authors-list-col \">\n\n\t\t\t\t\t\t\t<div class=\"authors-list-item-thumbnail\">\n\t\t\t\t\t\n\t\t\t\t\t<a href=\"https:\/\/www.alab.pl\/centrum-wiedzy\/author\/miroslaw-mastej\/\" class=\"author-list-item-avatar\">\n\t\t\t\t\t\t\t\t\t\t\t\t\t<img loading=\"lazy\" decoding=\"async\" src=\"https:\/\/www.alab.pl\/centrum-wiedzy\/wp-content\/uploads\/2022\/03\/man-696x696.png\" srcset=\"https:\/\/www.alab.pl\/centrum-wiedzy\/wp-content\/uploads\/2022\/03\/man-1068x1068.png 2x\" width=\"500\" height=\"500\" alt=\"Miros\u0142aw Mastej\" class=\"avatar avatar-500 wp-user-avatar wp-user-avatar-500 photo avatar-default\" \/>\t\t\t\t\t\t\t\t\t\t\t<\/a>\n\n\t\t\t\t\t\t\t\t\t<\/div><!-- .team-item-thumbnail -->\n\t\t\t\n\t\t\t<div class=\"authors-list-item-main\">\n\n\t\t\t\t\n\t\t\t\t\t\t\t\t\t<div class=\"authors-list-item-title\">\n\t\t\t\t\t\t<a href=\"https:\/\/www.alab.pl\/centrum-wiedzy\/author\/miroslaw-mastej\/\">Miros\u0142aw Mastej<\/a>\n\t\t\t\t\t<\/div>\n\t\t\t\t\n\t\t\t\t\n\t\t\t\t\n\t\t\t\t\n\t\t\t\t\n\t\t\t\t\n\t\t\t\t\t\t\t\t\t<div class=\"authors-list-item-excerpt\">\n\t\t\t\t\t\tLekarz z zawodu i powo\u0142ania, kt\u00f3ry prowadzi \u201eCentrum Zdrowia Dr Mastej\u201d w Ja\u015ble. Or\u0119downik zdrowego \u017cywienia. Medyczne obszary zainteresowania to m.in.: wp\u0142yw diety i \u015brodowiska (stresu) na funkcjonowanie organizmu cz\u0142owieka, chronobiologia, farmakologia, lipidologia, immunologia i alergologia.\t\t\t\t\t<\/div>\n\t\t\t\t\n\t\t\t\t\n\t\t\t\t\n\t\t\t\t\n\t\t\t\t\n\t\t\t<\/div><!-- .team-item-main -->\n\n\t\t<\/div><!-- .authors-list-item -->\n\n\t\t\n\t\t<div class=\"authors-list-item authors-list-item-clearfix authors-list-col \">\n\n\t\t\t\t\t\t\t<div class=\"authors-list-item-thumbnail\">\n\t\t\t\t\t\n\t\t\t\t\t<a href=\"https:\/\/www.alab.pl\/centrum-wiedzy\/author\/zofia-kowalska\/\" class=\"author-list-item-avatar\">\n\t\t\t\t\t\t\t\t\t\t\t\t\t<img loading=\"lazy\" decoding=\"async\" src=\"https:\/\/www.alab.pl\/centrum-wiedzy\/wp-content\/uploads\/2023\/04\/Zofia-Kowalska-jpg-696x696.webp\" width=\"500\" height=\"500\" srcset=\"https:\/\/www.alab.pl\/centrum-wiedzy\/wp-content\/uploads\/2023\/04\/Zofia-Kowalska-jpg-1068x1067.webp 2x\" alt=\"Zofia Kowalska\" class=\"avatar avatar-500 wp-user-avatar wp-user-avatar-500 alignnone photo\" \/>\t\t\t\t\t\t\t\t\t\t\t<\/a>\n\n\t\t\t\t\t\t\t\t\t<\/div><!-- .team-item-thumbnail -->\n\t\t\t\n\t\t\t<div class=\"authors-list-item-main\">\n\n\t\t\t\t\n\t\t\t\t\t\t\t\t\t<div class=\"authors-list-item-title\">\n\t\t\t\t\t\t<a href=\"https:\/\/www.alab.pl\/centrum-wiedzy\/author\/zofia-kowalska\/\">Zofia Kowalska<\/a>\n\t\t\t\t\t<\/div>\n\t\t\t\t\n\t\t\t\t\n\t\t\t\t\n\t\t\t\t\n\t\t\t\t\n\t\t\t\t\n\t\t\t\t\t\t\t\t\t<div class=\"authors-list-item-excerpt\">\n\t\t\t\t\t\tDietetyk specjalizuj\u0105ca si\u0119 w pracy z chorobami sk\u00f3ry i alergiami. Absolwentka studi\u00f3w magisterskich na kierunku Nutrition and Health (specjalizacja \u017cywienie w chorobach) na Wageningen University and Research w Holandii.\t\t\t\t\t<\/div>\n\t\t\t\t\n\t\t\t\t\n\t\t\t\t\n\t\t\t\t\n\t\t\t\t\n\t\t\t<\/div><!-- .team-item-main -->\n\n\t\t<\/div><!-- .authors-list-item -->\n\n\t\t\n\t\t<div class=\"authors-list-item authors-list-item-clearfix authors-list-col \">\n\n\t\t\t\t\t\t\t<div class=\"authors-list-item-thumbnail\">\n\t\t\t\t\t\n\t\t\t\t\t<a href=\"https:\/\/www.alab.pl\/centrum-wiedzy\/author\/bartosz-fialek\/\" class=\"author-list-item-avatar\">\n\t\t\t\t\t\t\t\t\t\t\t\t\t<img loading=\"lazy\" decoding=\"async\" src=\"https:\/\/www.alab.pl\/centrum-wiedzy\/wp-content\/uploads\/2023\/07\/Bartosz-Fialek-jpg-696x696.webp\" width=\"500\" height=\"500\" srcset=\"https:\/\/www.alab.pl\/centrum-wiedzy\/wp-content\/uploads\/2023\/07\/Bartosz-Fialek-jpg.webp 2x\" alt=\"Bartosz Fia\u0142ek\" class=\"avatar avatar-500 wp-user-avatar wp-user-avatar-500 alignnone photo\" \/>\t\t\t\t\t\t\t\t\t\t\t<\/a>\n\n\t\t\t\t\t\t\t\t\t<\/div><!-- .team-item-thumbnail -->\n\t\t\t\n\t\t\t<div class=\"authors-list-item-main\">\n\n\t\t\t\t\n\t\t\t\t\t\t\t\t\t<div class=\"authors-list-item-title\">\n\t\t\t\t\t\t<a href=\"https:\/\/www.alab.pl\/centrum-wiedzy\/author\/bartosz-fialek\/\">Bartosz Fia\u0142ek<\/a>\n\t\t\t\t\t<\/div>\n\t\t\t\t\n\t\t\t\t\n\t\t\t\t\n\t\t\t\t\n\t\t\t\t\n\t\t\t\t\n\t\t\t\t\t\t\t\t\t<div class=\"authors-list-item-excerpt\">\n\t\t\t\t\t\tLekarz, specjalista w dziedzinie reumatologii. Master of Business Administration (MBA) - zarz\u0105dzanie w ochronie zdrowia. Doctor of Business Administration (DBA) - zarz\u0105dzanie w ochronie zdrowia.\t\t\t\t\t<\/div>\n\t\t\t\t\n\t\t\t\t\n\t\t\t\t\n\t\t\t\t\n\t\t\t\t\n\t\t\t<\/div><!-- .team-item-main -->\n\n\t\t<\/div><!-- .authors-list-item -->\n\n\t\t\n\t\t<div class=\"authors-list-item authors-list-item-clearfix authors-list-col \">\n\n\t\t\t\t\t\t\t<div class=\"authors-list-item-thumbnail\">\n\t\t\t\t\t\n\t\t\t\t\t<a href=\"https:\/\/www.alab.pl\/centrum-wiedzy\/author\/pawel-kumiega\/\" class=\"author-list-item-avatar\">\n\t\t\t\t\t\t\t\t\t\t\t\t\t<img loading=\"lazy\" decoding=\"async\" src=\"https:\/\/www.alab.pl\/centrum-wiedzy\/wp-content\/uploads\/2024\/12\/Pawel-Kumiega-696x696.jpg\" width=\"500\" height=\"500\" srcset=\"https:\/\/www.alab.pl\/centrum-wiedzy\/wp-content\/uploads\/2024\/12\/Pawel-Kumiega.jpg 2x\" alt=\"Pawe\u0142 Kumi\u0119ga\" class=\"avatar avatar-500 wp-user-avatar wp-user-avatar-500 alignnone photo\" \/>\t\t\t\t\t\t\t\t\t\t\t<\/a>\n\n\t\t\t\t\t\t\t\t\t<\/div><!-- .team-item-thumbnail -->\n\t\t\t\n\t\t\t<div class=\"authors-list-item-main\">\n\n\t\t\t\t\n\t\t\t\t\t\t\t\t\t<div class=\"authors-list-item-title\">\n\t\t\t\t\t\t<a href=\"https:\/\/www.alab.pl\/centrum-wiedzy\/author\/pawel-kumiega\/\">Pawe\u0142 Kumi\u0119ga<\/a>\n\t\t\t\t\t<\/div>\n\t\t\t\t\n\t\t\t\t\n\t\t\t\t\n\t\t\t\t\n\t\t\t\t\n\t\t\t\t\n\t\t\t\t\t\t\t\t\t<div class=\"authors-list-item-excerpt\">\n\t\t\t\t\t\tFizjoterapeuta, absolwent Uniwersytetu Medycznego im. Karola Marcinkowskiego w Poznaniu. W pracy zawodowej zajmuje si\u0119 rehabilitacj\u0105 os\u00f3b po przebytych udarach m\u00f3zgu, urazach czaszkowo-m\u00f3zgowych, guzach w obr\u0119bie centralnego i obwodowego uk\u0142adu nerwowego, a tak\u017ce terapi\u0105 pacjent\u00f3w z g\u0142\u0119bokimi zaburzeniami \u015bwiadomo\u015bci.\t\t\t\t\t<\/div>\n\t\t\t\t\n\t\t\t\t\n\t\t\t\t\n\t\t\t\t\n\t\t\t\t\n\t\t\t<\/div><!-- .team-item-main -->\n\n\t\t<\/div><!-- .authors-list-item -->\n\n\t\t\n\t\t<div class=\"authors-list-item authors-list-item-clearfix authors-list-col \">\n\n\t\t\t\t\t\t\t<div class=\"authors-list-item-thumbnail\">\n\t\t\t\t\t\n\t\t\t\t\t<a href=\"https:\/\/www.alab.pl\/centrum-wiedzy\/author\/agata-skwarek-szewczyk\/\" class=\"author-list-item-avatar\">\n\t\t\t\t\t\t\t\t\t\t\t\t\t<img loading=\"lazy\" decoding=\"async\" src=\"https:\/\/www.alab.pl\/centrum-wiedzy\/wp-content\/uploads\/2023\/11\/Agata-Skawerk-Szewczyk-jpg-696x695.webp\" width=\"500\" height=\"500\" srcset=\"https:\/\/www.alab.pl\/centrum-wiedzy\/wp-content\/uploads\/2023\/11\/Agata-Skawerk-Szewczyk-jpg.webp 2x\" alt=\"Agata Skwarek-Szewczyk\" class=\"avatar avatar-500 wp-user-avatar wp-user-avatar-500 alignnone photo\" \/>\t\t\t\t\t\t\t\t\t\t\t<\/a>\n\n\t\t\t\t\t\t\t\t\t<\/div><!-- .team-item-thumbnail -->\n\t\t\t\n\t\t\t<div class=\"authors-list-item-main\">\n\n\t\t\t\t\n\t\t\t\t\t\t\t\t\t<div class=\"authors-list-item-title\">\n\t\t\t\t\t\t<a href=\"https:\/\/www.alab.pl\/centrum-wiedzy\/author\/agata-skwarek-szewczyk\/\">Agata Skwarek-Szewczyk<\/a>\n\t\t\t\t\t<\/div>\n\t\t\t\t\n\t\t\t\t\n\t\t\t\t\n\t\t\t\t\n\t\t\t\t\n\t\t\t\t\n\t\t\t\t\t\t\t\t\t<div class=\"authors-list-item-excerpt\">\n\t\t\t\t\t\tSpecjalista Chor\u00f3b Wewn\u0119trznych i Reumatologii. Absolwentka Warszawskiego Uniwersytetu Medycznego i Wydzia\u0142u Zarz\u0105dzania Uniwersytetu Warszawskiego. Od 2011 pracuje jako lekarz, obecnie starszy asystent w Klinice Chor\u00f3b Wewn\u0119trznych i Endokrynologii Centralnego Szpitala Klinicznego Warszawskiego Uniwersytetu Medycznego przy ul. Banacha. Reumatolog w Mokotowskim Centrum Osteoporozy. Wsp\u00f3\u0142autorka wielu publikacji w zakresie zaburze\u0144 gospodarki wapniowo-fosforanowej. W 2016 roku zda\u0142a egzamin specjalizacyjny w zakresie Chor\u00f3b Wewn\u0119trznych.\r\nOd 2019 r. jest r\u00f3wnie\u017c specjalist\u0105 Reumatologiem. Specjalizacj\u0119 odbywa\u0142a w Klinice Wczesnego Zapalenia Staw\u00f3w Narodowego Instytutu Reumatologii i Geriatrii w Warszawie.\t\t\t\t\t<\/div>\n\t\t\t\t\n\t\t\t\t\n\t\t\t\t\n\t\t\t\t\n\t\t\t\t\n\t\t\t<\/div><!-- .team-item-main -->\n\n\t\t<\/div><!-- .authors-list-item -->\n\n\t\t\n\t\t<div class=\"authors-list-item authors-list-item-clearfix authors-list-col \">\n\n\t\t\t\t\t\t\t<div class=\"authors-list-item-thumbnail\">\n\t\t\t\t\t\n\t\t\t\t\t<a href=\"https:\/\/www.alab.pl\/centrum-wiedzy\/author\/jakub-morze\/\" class=\"author-list-item-avatar\">\n\t\t\t\t\t\t\t\t\t\t\t\t\t<img loading=\"lazy\" decoding=\"async\" src=\"https:\/\/www.alab.pl\/centrum-wiedzy\/wp-content\/uploads\/2023\/09\/jakub-morze-jpg.webp\" width=\"400\" height=\"400\" srcset=\"https:\/\/www.alab.pl\/centrum-wiedzy\/wp-content\/uploads\/2023\/09\/jakub-morze-jpg.webp 2x\" alt=\"Jakub Morze\" class=\"avatar avatar-500 wp-user-avatar wp-user-avatar-500 alignnone photo\" \/>\t\t\t\t\t\t\t\t\t\t\t<\/a>\n\n\t\t\t\t\t\t\t\t\t<\/div><!-- .team-item-thumbnail -->\n\t\t\t\n\t\t\t<div class=\"authors-list-item-main\">\n\n\t\t\t\t\n\t\t\t\t\t\t\t\t\t<div class=\"authors-list-item-title\">\n\t\t\t\t\t\t<a href=\"https:\/\/www.alab.pl\/centrum-wiedzy\/author\/jakub-morze\/\">Jakub Morze<\/a>\n\t\t\t\t\t<\/div>\n\t\t\t\t\n\t\t\t\t\n\t\t\t\t\n\t\t\t\t\n\t\t\t\t\n\t\t\t\t\n\t\t\t\t\t\t\t\t\t<div class=\"authors-list-item-excerpt\">\n\t\t\t\t\t\tLekarz, badacz wizytuj\u0105cy w Harvard T.H. Chan School of Public Heath. Doktorant w Katedrze Kardiologii i Chor\u00f3b Wewn\u0119trznych Uniwersytetu Warmi\u0144sko-Mazurskiego w Olsztynie. Do jego g\u0142\u00f3wnych zainteresowa\u0144 nale\u017cy epidemiologia chor\u00f3b przewlek\u0142ych oraz medycyna prewencyjna, szczeg\u00f3lnie w kontek\u015bcie chor\u00f3b sercowo-naczyniowych i cukrzycy.\t\t\t\t\t<\/div>\n\t\t\t\t\n\t\t\t\t\n\t\t\t\t\n\t\t\t\t\n\t\t\t\t\n\t\t\t<\/div><!-- .team-item-main -->\n\n\t\t<\/div><!-- .authors-list-item -->\n\n\t\t\n\t\t<div class=\"authors-list-item authors-list-item-clearfix authors-list-col \">\n\n\t\t\t\t\t\t\t<div class=\"authors-list-item-thumbnail\">\n\t\t\t\t\t\n\t\t\t\t\t<a href=\"https:\/\/www.alab.pl\/centrum-wiedzy\/author\/wioleta-brzezina\/\" class=\"author-list-item-avatar\">\n\t\t\t\t\t\t\t\t\t\t\t\t\t<img loading=\"lazy\" decoding=\"async\" src=\"https:\/\/www.alab.pl\/centrum-wiedzy\/wp-content\/uploads\/2026\/03\/Wioleta-Brzezina-696x697.jpg\" width=\"500\" height=\"500\" srcset=\"https:\/\/www.alab.pl\/centrum-wiedzy\/wp-content\/uploads\/2026\/03\/Wioleta-Brzezina.jpg 2x\" alt=\"Wioleta Brzezina\" class=\"avatar avatar-500 wp-user-avatar wp-user-avatar-500 alignnone photo\" \/>\t\t\t\t\t\t\t\t\t\t\t<\/a>\n\n\t\t\t\t\t\t\t\t\t<\/div><!-- .team-item-thumbnail -->\n\t\t\t\n\t\t\t<div class=\"authors-list-item-main\">\n\n\t\t\t\t\n\t\t\t\t\t\t\t\t\t<div class=\"authors-list-item-title\">\n\t\t\t\t\t\t<a href=\"https:\/\/www.alab.pl\/centrum-wiedzy\/author\/wioleta-brzezina\/\">Wioleta Brzezina<\/a>\n\t\t\t\t\t<\/div>\n\t\t\t\t\n\t\t\t\t\n\t\t\t\t\n\t\t\t\t\n\t\t\t\t\n\t\t\t\t\n\t\t\t\t\t\t\t\t\t<div class=\"authors-list-item-excerpt\">\n\t\t\t\t\t\tDietetyk kliniczny specjalizuj\u0105cy si\u0119 w \u017cywieniu dzieci z alergiami pokarmowymi, atopowym zapaleniem sk\u00f3ry (AZS) oraz innymi chorobami o pod\u0142o\u017cu alergicznym. W swojej pracy \u0142\u0105czy wiedz\u0119 z zakresu dietetyki klinicznej oraz molekularnej diagnostyki alergenowej. Na co dzie\u0144 wspiera rodzic\u00f3w dzieci z trudnymi, z\u0142o\u017conymi przypadkami alergii oraz AZS, pomagaj\u0105c im porz\u0105dkowa\u0107 diet\u0119 i codzienne post\u0119powanie.\t\t\t\t\t<\/div>\n\t\t\t\t\n\t\t\t\t\n\t\t\t\t\n\t\t\t\t\n\t\t\t\t\n\t\t\t<\/div><!-- .team-item-main -->\n\n\t\t<\/div><!-- .authors-list-item -->\n\n\t\t\n\t\t\t<span class=\"spinner\">\n\t\t\t\t<span class=\"spin\">\n\t\t\t\t\t<svg xmlns=\"http:\/\/www.w3.org\/2000\/svg\" viewBox=\"0 0 512 512\">\n\t\t\t\t\t\t<path d=\"M304 48C304 74.51 282.5 96 256 96C229.5 96 208 74.51 208 48C208 21.49 229.5 0 256 0C282.5 0 304 21.49 304 48zM304 464C304 490.5 282.5 512 256 512C229.5 512 208 490.5 208 464C208 437.5 229.5 416 256 416C282.5 416 304 437.5 304 464zM0 256C0 229.5 21.49 208 48 208C74.51 208 96 229.5 96 256C96 282.5 74.51 304 48 304C21.49 304 0 282.5 0 256zM512 256C512 282.5 490.5 304 464 304C437.5 304 416 282.5 416 256C416 229.5 437.5 208 464 208C490.5 208 512 229.5 512 256zM74.98 437C56.23 418.3 56.23 387.9 74.98 369.1C93.73 350.4 124.1 350.4 142.9 369.1C161.6 387.9 161.6 418.3 142.9 437C124.1 455.8 93.73 455.8 74.98 437V437zM142.9 142.9C124.1 161.6 93.73 161.6 74.98 142.9C56.24 124.1 56.24 93.73 74.98 74.98C93.73 56.23 124.1 56.23 142.9 74.98C161.6 93.73 161.6 124.1 142.9 142.9zM369.1 369.1C387.9 350.4 418.3 350.4 437 369.1C455.8 387.9 455.8 418.3 437 437C418.3 455.8 387.9 455.8 369.1 437C350.4 418.3 350.4 387.9 369.1 369.1V369.1z\"\/>\n\t\t\t\t\t<\/svg>\n\t\t\t\t<\/span>\n\t\t\t<\/span>\n\n\t\t\t\t\t\t<\/div><!-- authors-list-items -->\n\t\t\t<\/div>\n<\/div>\n\n\n<p><\/p>\n","protected":false},"excerpt":{"rendered":"","protected":false},"author":2,"featured_media":0,"parent":0,"menu_order":0,"comment_status":"closed","ping_status":"closed","template":"","meta":{"_acf_changed":false,"inline_featured_image":false,"footnotes":""},"coauthors":[3],"class_list":["post-3015","page","type-page","status-publish"],"acf":[],"yoast_head":"<!-- This site is optimized with the Yoast SEO plugin v27.5 - https:\/\/yoast.com\/product\/yoast-seo-wordpress\/ -->\n<title>Nasi Eksperci - Centrum Wiedzy ALAB laboratoria<\/title>\n<meta name=\"robots\" content=\"index, follow, max-snippet:-1, max-image-preview:large, max-video-preview:-1\" \/>\n<link rel=\"canonical\" href=\"https:\/\/www.alab.pl\/centrum-wiedzy\/nasi-eksperci\/\" \/>\n<meta property=\"og:locale\" content=\"pl_PL\" \/>\n<meta property=\"og:type\" content=\"article\" \/>\n<meta property=\"og:title\" content=\"Nasi Eksperci - Centrum Wiedzy ALAB laboratoria\" \/>\n<meta property=\"og:url\" content=\"https:\/\/www.alab.pl\/centrum-wiedzy\/nasi-eksperci\/\" \/>\n<meta property=\"og:site_name\" content=\"Centrum Wiedzy ALAB laboratoria\" \/>\n<meta property=\"article:publisher\" content=\"https:\/\/www.facebook.com\/ALABlaboratoria\" \/>\n<meta property=\"article:modified_time\" content=\"2026-02-03T10:50:46+00:00\" \/>\n<meta name=\"twitter:card\" content=\"summary_large_image\" \/>\n<meta name=\"twitter:label1\" content=\"Szacowany czas czytania\" \/>\n\t<meta name=\"twitter:data1\" content=\"1 minuta\" \/>\n\t<meta name=\"twitter:label2\" content=\"Written by\" \/>\n\t<meta name=\"twitter:data2\" content=\"administrator\" \/>\n<!-- \/ Yoast SEO plugin. -->","yoast_head_json":{"title":"Nasi Eksperci - Centrum Wiedzy ALAB laboratoria","robots":{"index":"index","follow":"follow","max-snippet":"max-snippet:-1","max-image-preview":"max-image-preview:large","max-video-preview":"max-video-preview:-1"},"canonical":"https:\/\/www.alab.pl\/centrum-wiedzy\/nasi-eksperci\/","og_locale":"pl_PL","og_type":"article","og_title":"Nasi Eksperci - Centrum Wiedzy ALAB laboratoria","og_url":"https:\/\/www.alab.pl\/centrum-wiedzy\/nasi-eksperci\/","og_site_name":"Centrum Wiedzy ALAB laboratoria","article_publisher":"https:\/\/www.facebook.com\/ALABlaboratoria","article_modified_time":"2026-02-03T10:50:46+00:00","twitter_card":"summary_large_image","twitter_misc":{"Szacowany czas czytania":"1 minuta","Written by":"administrator"},"schema":{"@context":"https:\/\/schema.org","@graph":[{"@type":"WebPage","@id":"https:\/\/www.alab.pl\/centrum-wiedzy\/nasi-eksperci\/","url":"https:\/\/www.alab.pl\/centrum-wiedzy\/nasi-eksperci\/","name":"Nasi Eksperci - Centrum Wiedzy ALAB laboratoria","isPartOf":{"@id":"https:\/\/www.alab.pl\/centrum-wiedzy\/#website"},"datePublished":"2022-04-04T13:56:58+00:00","dateModified":"2026-02-03T10:50:46+00:00","breadcrumb":{"@id":"https:\/\/www.alab.pl\/centrum-wiedzy\/nasi-eksperci\/#breadcrumb"},"inLanguage":"pl-PL","potentialAction":[{"@type":"ReadAction","target":["https:\/\/www.alab.pl\/centrum-wiedzy\/nasi-eksperci\/"]}]},{"@type":"BreadcrumbList","@id":"https:\/\/www.alab.pl\/centrum-wiedzy\/nasi-eksperci\/#breadcrumb","itemListElement":[{"@type":"ListItem","position":1,"name":"Strona g\u0142\u00f3wna","item":"https:\/\/www.alab.pl\/centrum-wiedzy\/"},{"@type":"ListItem","position":2,"name":"Nasi Eksperci"}]},{"@type":"WebSite","@id":"https:\/\/www.alab.pl\/centrum-wiedzy\/#website","url":"https:\/\/www.alab.pl\/centrum-wiedzy\/","name":"Centrum Wiedzy ALAB laboratoria","description":"","publisher":{"@id":"https:\/\/www.alab.pl\/centrum-wiedzy\/#organization"},"potentialAction":[{"@type":"SearchAction","target":{"@type":"EntryPoint","urlTemplate":"https:\/\/www.alab.pl\/centrum-wiedzy\/?s={search_term_string}"},"query-input":{"@type":"PropertyValueSpecification","valueRequired":true,"valueName":"search_term_string"}}],"inLanguage":"pl-PL"},{"@type":"Organization","@id":"https:\/\/www.alab.pl\/centrum-wiedzy\/#organization","name":"Centrum Wiedzy ALAB laboratoria","url":"https:\/\/www.alab.pl\/centrum-wiedzy\/","logo":{"@type":"ImageObject","inLanguage":"pl-PL","@id":"https:\/\/www.alab.pl\/centrum-wiedzy\/#\/schema\/logo\/image\/","url":"https:\/\/www.alab.pl\/centrum-wiedzy\/wp-content\/uploads\/2022\/04\/alabek.jpg","contentUrl":"https:\/\/www.alab.pl\/centrum-wiedzy\/wp-content\/uploads\/2022\/04\/alabek.jpg","width":1250,"height":1251,"caption":"Centrum Wiedzy ALAB laboratoria"},"image":{"@id":"https:\/\/www.alab.pl\/centrum-wiedzy\/#\/schema\/logo\/image\/"},"sameAs":["https:\/\/www.facebook.com\/ALABlaboratoria"]}]}},"_links":{"self":[{"href":"https:\/\/www.alab.pl\/centrum-wiedzy\/wp-json\/wp\/v2\/pages\/3015","targetHints":{"allow":["GET"]}}],"collection":[{"href":"https:\/\/www.alab.pl\/centrum-wiedzy\/wp-json\/wp\/v2\/pages"}],"about":[{"href":"https:\/\/www.alab.pl\/centrum-wiedzy\/wp-json\/wp\/v2\/types\/page"}],"author":[{"embeddable":true,"href":"https:\/\/www.alab.pl\/centrum-wiedzy\/wp-json\/wp\/v2\/users\/2"}],"replies":[{"embeddable":true,"href":"https:\/\/www.alab.pl\/centrum-wiedzy\/wp-json\/wp\/v2\/comments?post=3015"}],"version-history":[{"count":6,"href":"https:\/\/www.alab.pl\/centrum-wiedzy\/wp-json\/wp\/v2\/pages\/3015\/revisions"}],"predecessor-version":[{"id":29529,"href":"https:\/\/www.alab.pl\/centrum-wiedzy\/wp-json\/wp\/v2\/pages\/3015\/revisions\/29529"}],"wp:attachment":[{"href":"https:\/\/www.alab.pl\/centrum-wiedzy\/wp-json\/wp\/v2\/media?parent=3015"}],"wp:term":[{"taxonomy":"author","embeddable":true,"href":"https:\/\/www.alab.pl\/centrum-wiedzy\/wp-json\/wp\/v2\/coauthors?post=3015"}],"curies":[{"name":"wp","href":"https:\/\/api.w.org\/{rel}","templated":true}]}}